{"id":9441,"date":"2026-06-06T10:41:44","date_gmt":"2026-06-06T13:41:44","guid":{"rendered":"https:\/\/audec.edu.uy\/index.php\/inicio-4\/"},"modified":"2026-06-06T10:41:45","modified_gmt":"2026-06-06T13:41:45","slug":"inicio-4","status":"publish","type":"page","link":"https:\/\/audec.edu.uy\/","title":{"rendered":"Inicio"},"content":{"rendered":"\n  \n    <section class=\"u-clearfix u-gradient u-section-1\" id=\"sec-7ae9\">\n      <div class=\"u-clearfix u-sheet u-valign-middle-xl u-sheet-1\">\n        <h4 class=\"u-align-center u-text u-text-body-alt-color u-text-1\">EDUCACI\u00d3N CAT\u00d3LICA&nbsp;<\/h4>\n        <p class=\"u-align-center u-custom-font u-text u-text-palette-1-base u-text-2\">con FE en el futuro<\/p>\n        <div class=\"u-expanded-width u-list u-list-1\">\n          <div class=\"u-repeater u-repeater-1\">\n            <div class=\"u-container-style u-list-item u-repeater-item\">\n              <div class=\"u-container-layout u-similar-container u-valign-top u-container-layout-1\">\n                <div class=\"u-container-style u-custom-item u-expanded-width-lg u-expanded-width-md u-expanded-width-sm u-expanded-width-xs u-group u-palette-1-base u-radius-10 u-shape-round u-group-1\" data-animation-name=\"customAnimationIn\" data-animation-duration=\"1000\" data-animation-delay=\"0\" data-animation-out=\"0\">\n                  <div class=\"u-container-layout u-valign-middle u-container-layout-2\">\n                    <h6 class=\"u-align-center u-custom-item u-text u-text-body-alt-color u-text-3\"><span style=\"font-weight: 700;\">Cercana<\/span>&nbsp;y <span style=\"font-weight: 700;\">accesible<\/span>\n                    <\/h6>\n                  <\/div>\n                <\/div>\n              <\/div>\n            <\/div>\n            <div class=\"u-container-style u-list-item u-repeater-item\">\n              <div class=\"u-container-layout u-similar-container u-valign-top u-container-layout-3\">\n                <div class=\"u-container-style u-custom-item u-expanded-width-lg u-expanded-width-md u-expanded-width-sm u-expanded-width-xs u-group u-palette-4-base u-radius-10 u-shape-round u-group-2\" data-animation-name=\"customAnimationIn\" data-animation-duration=\"1000\">\n                  <div class=\"u-container-layout u-valign-middle u-container-layout-4\">\n                    <h6 class=\"u-align-center u-custom-item u-text u-text-body-alt-color u-text-4\"><span style=\"font-weight: 700;\"><\/span>En un <span style=\"font-weight: 700;\">entorno<br>seguro<\/span> y <span style=\"font-weight: 700;\">cuidado<\/span>\n                    <\/h6>\n                  <\/div>\n                <\/div>\n              <\/div>\n            <\/div>\n            <div class=\"u-container-style u-list-item u-repeater-item\">\n              <div class=\"u-container-layout u-similar-container u-valign-top u-container-layout-5\">\n                <div class=\"u-container-style u-custom-item u-expanded-width-lg u-expanded-width-md u-expanded-width-sm u-expanded-width-xs u-group u-palette-3-base u-radius-10 u-shape-round u-group-3\" data-animation-name=\"customAnimationIn\" data-animation-duration=\"1000\">\n                  <div class=\"u-container-layout u-valign-middle u-container-layout-6\">\n                    <h6 class=\"u-align-center u-custom-item u-text u-text-body-alt-color u-text-5\"><span style=\"font-weight: 700;\"><\/span>Con <span style=\"font-weight: 700;\">valores<\/span> cat\u00f3licos\n                    <\/h6>\n                  <\/div>\n                <\/div>\n              <\/div>\n            <\/div>\n            <div class=\"u-container-style u-list-item u-repeater-item\">\n              <div class=\"u-container-layout u-similar-container u-valign-top u-container-layout-7\">\n                <div class=\"u-container-style u-custom-item u-expanded-width-lg u-expanded-width-md u-expanded-width-sm u-expanded-width-xs u-group u-palette-2-base u-radius-10 u-shape-round u-group-4\" data-animation-name=\"customAnimationIn\" data-animation-duration=\"1000\">\n                  <div class=\"u-container-layout u-valign-middle u-container-layout-8\">\n                    <h6 class=\"u-align-center u-custom-item u-text u-text-body-alt-color u-text-6\"><b>Innovaci\u00f3n <span style=\"font-weight: 400;\">con Sentido<\/span><\/b>\n                    <\/h6>\n                  <\/div>\n                <\/div>\n              <\/div>\n            <\/div>\n          <\/div>\n        <\/div>\n      <\/div>\n    <\/section>\n    <section class=\"u-clearfix u-gradient u-section-2\" id=\"sec-7114\">\n      <div class=\"u-clearfix u-sheet u-sheet-1\">\n        <h2 class=\"u-align-center u-text u-text-default-lg u-text-default-md u-text-default-xl u-text-palette-1-base u-text-1\">La <span style=\"font-weight: 700;\">educaci\u00f3n cat\u00f3lica<\/span> en Uruguay\n        <\/h2>\n        <h6 class=\"u-align-center u-custom-font u-text u-text-default u-text-font u-text-grey-80 u-text-2\"> Presente en todo el pa\u00eds a trav\u00e9s de proyectos socio educativos y colegios <\/h6>\n        <div class=\"u-container-style u-expanded-width u-group u-palette-4-base u-shape-rectangle u-group-1\">\n          <div class=\"u-container-layout u-container-layout-1\">\n            <div class=\"u-expanded-width u-list u-list-1\">\n              <div class=\"u-repeater u-repeater-1\">\n                <div class=\"u-align-center u-container-align-center u-container-style u-list-item u-radius-27 u-repeater-item u-shape-round u-white u-list-item-1\">\n                  <div class=\"u-container-layout u-similar-container u-container-layout-2\"><span class=\"u-custom-item u-file-icon u-icon u-icon-circle u-palette-4-base u-icon-1\"><img decoding=\"async\" src=\"https:\/\/audec.edu.uy\/wp-content\/uploads\/2026\/06\/629e41d1-4.png\" alt=\"\"><\/span>\n                    <h3 class=\"u-text u-text-palette-4-base u-text-3\" data-animation-name=\"counter\" data-animation-event=\"scroll\" data-animation-duration=\"2500\" data-animation-delay=\"250\">170<\/h3>\n                    <h5 class=\"u-text u-text-font u-text-palette-4-base u-text-4\"><span style=\"font-weight: 700;\">Proyectos socio educativos <\/span>\n                    <\/h5>\n                  <\/div>\n                <\/div>\n                <div class=\"u-align-center u-container-align-center u-container-style u-list-item u-radius-27 u-repeater-item u-shape-round u-white u-list-item-2\">\n                  <div class=\"u-container-layout u-similar-container u-container-layout-3\"><span class=\"u-custom-item u-file-icon u-icon u-icon-circle u-palette-4-base u-icon-2\"><img decoding=\"async\" src=\"https:\/\/audec.edu.uy\/wp-content\/uploads\/2026\/06\/bd05cc63-4.png\" alt=\"\"><\/span>\n                    <h3 class=\"u-text u-text-palette-4-base u-text-5\" data-animation-name=\"counter\" data-animation-event=\"scroll\" data-animation-duration=\"2500\" data-animation-delay=\"250\">15.500<\/h3>\n                    <h5 class=\"u-text u-text-font u-text-palette-4-base u-text-6\">Beneficiarios<\/h5>\n                  <\/div>\n                <\/div>\n                <div class=\"u-align-center u-container-align-center u-container-style u-list-item u-radius-27 u-repeater-item u-shape-round u-white u-list-item-3\">\n                  <div class=\"u-container-layout u-similar-container u-container-layout-4\"><span class=\"u-custom-item u-file-icon u-icon u-icon-circle u-palette-4-base u-icon-3\"><img decoding=\"async\" src=\"https:\/\/audec.edu.uy\/wp-content\/uploads\/2026\/06\/e5d052a9-4.png\" alt=\"\"><\/span>\n                    <h3 class=\"u-text u-text-palette-4-base u-text-7\" data-animation-name=\"counter\" data-animation-event=\"scroll\" data-animation-duration=\"2500\" data-animation-delay=\"250\">157<\/h3>\n                    <h5 class=\"u-text u-text-font u-text-palette-4-base u-text-8\">Colegios<\/h5>\n                  <\/div>\n                <\/div>\n                <div class=\"u-align-center u-container-align-center u-container-style u-list-item u-radius-27 u-repeater-item u-shape-round u-white u-list-item-4\">\n                  <div class=\"u-container-layout u-similar-container u-container-layout-5\"><span class=\"u-custom-item u-file-icon u-icon u-icon-circle u-palette-4-base u-icon-4\"><img decoding=\"async\" src=\"https:\/\/audec.edu.uy\/wp-content\/uploads\/2026\/06\/1a44880c-4.png\" alt=\"\"><\/span>\n                    <h3 class=\"u-text u-text-palette-4-base u-text-9\" data-animation-name=\"counter\" data-animation-event=\"scroll\" data-animation-duration=\"2500\" data-animation-delay=\"250\">57.813<\/h3>\n                    <h5 class=\"u-text u-text-font u-text-palette-4-base u-text-10\">Alumnos<\/h5>\n                  <\/div>\n                <\/div>\n                <div class=\"u-align-center u-container-align-center u-container-style u-list-item u-radius-27 u-repeater-item u-shape-round u-white u-list-item-5\">\n                  <div class=\"u-container-layout u-similar-container u-container-layout-6\"><span class=\"u-custom-item u-file-icon u-icon u-icon-circle u-palette-4-base u-icon-5\"><img decoding=\"async\" src=\"https:\/\/audec.edu.uy\/wp-content\/uploads\/2026\/06\/84548acd-4.png\" alt=\"\"><\/span>\n                    <h3 class=\"u-text u-text-palette-4-base u-text-11\" data-animation-name=\"counter\" data-animation-event=\"scroll\" data-animation-duration=\"2500\" data-animation-delay=\"250\">13.850<\/h3>\n                    <h5 class=\"u-text u-text-font u-text-palette-4-base u-text-12\">Trabajadores<\/h5>\n                  <\/div>\n                <\/div>\n              <\/div>\n            <\/div>\n          <\/div>\n        <\/div>\n      <\/div>\n    <\/section>\n    <section class=\"u-clearfix u-gradient u-section-3\" id=\"sec-8aa9\">\n      <div class=\"u-clearfix u-sheet u-sheet-1\">\n        <h2 class=\"u-align-center u-text u-text-default u-text-palette-1-base u-text-1\">Nuestras <span style=\"font-weight: 700;\">actividades<\/span>\n        <\/h2>\n        <div class=\"data-layout-selected u-clearfix u-expanded-width u-layout-wrap u-layout-wrap-1\">\n          <div class=\"u-layout\">\n            <div class=\"u-layout-row\">\n              <div class=\"u-container-style u-layout-cell u-size-30 u-layout-cell-1\">\n                <div class=\"u-container-layout u-container-layout-1\">\n                  <div class=\"u-shape u-shape-svg u-text-palette-4-base u-shape-1\" data-animation-name=\"customAnimationIn\" data-animation-duration=\"1000\" data-animation-out=\"0\">\n                    <svg class=\"u-svg-link\" preserveAspectRatio=\"none\" viewBox=\"0 0 160 130\" style=\"\"><use xmlns:xlink=\"http:\/\/www.w3.org\/1999\/xlink\" xlink:href=\"#svg-2089\"><\/use><\/svg>\n                    <svg class=\"u-svg-content\" viewBox=\"0 0 160 130\" x=\"0px\" y=\"0px\" id=\"svg-2089\" style=\"enable-background:new 0 0 160 130;\"><path d=\"M141.6,99.5c0.3-0.5,0.6-0.9,0.9-1.4c11.8-19.2,26.1-51.9,10.8-73.1C137.2,2.7,104.7-1.6,80.9,0.5\n\tC57.8,2.6,35.2,12.2,16.8,28.2C4,39.3-10.7,68.6,11.4,78.1c13.6,5.8,26.8,13,38.5,22.7c12,10,20.6,22.9,35.7,27.5\n\tC108.6,135.2,128.6,119.9,141.6,99.5L141.6,99.5z\"><\/path><\/svg>\n                  <\/div>\n                  <img decoding=\"async\" class=\"u-border-12 u-border-white u-image u-image-circle u-image-1\" src=\"https:\/\/audec.edu.uy\/wp-content\/uploads\/2026\/06\/tarjetas-4.jpg\" alt=\"\" data-image-width=\"1600\" data-image-height=\"900\" data-animation-name=\"customAnimationIn\" data-animation-duration=\"1000\" data-animation-out=\"0\">\n                  <p class=\"u-text u-text-2\" data-animation-out=\"0\"> El mundo se transforma de manera acelerada, y tenemos el enorme desaf\u00edo de acompa\u00f1ar esos cambios. Por eso, uno de nuestros mayores objetivos es la formaci\u00f3n permanente. Generamos espacios de intercambio para directivos y educadores, convencidos del valor&nbsp;del&nbsp;encuentro.<\/p>\n                <\/div>\n              <\/div>\n              <div class=\"u-container-style u-layout-cell u-size-30 u-layout-cell-2\">\n                <div class=\"u-container-layout u-container-layout-2\">\n                  <h3 class=\"u-text u-text-default u-text-palette-1-base u-text-3\"><span style=\"font-weight: 700;\">Pr\u00f3xima<\/span>&nbsp;actividad\n                  <\/h3>\n                  <div class=\"u-clearfix u-custom-html u-expanded-width u-custom-html-1\"><div class=\"pt-cv-wrapper\"><div class=\"pt-cv-view pt-cv-grid pt-cv-colsys\" id=\"pt-cv-view-1ea85ad0ls\"><div data-id=\"pt-cv-page-1\" class=\"pt-cv-page\" data-cvc=\"1\"><div class=\"col-md-12 col-sm-12 col-xs-12 pt-cv-content-item pt-cv-1-col\" ><div class='pt-cv-ifield'><a href=\"https:\/\/audec.edu.uy\/index.php\/2026\/09\/01\/celebracion-dia-de-la-educacion-catolica\/\" class=\"_self pt-cv-href-thumbnail pt-cv-thumb-default\" target=\"_self\" ><img loading=\"lazy\" decoding=\"async\" width=\"300\" height=\"169\" src=\"https:\/\/audec.edu.uy\/wp-content\/uploads\/2026\/09\/dia-de-la-educacion-catolica-Presentacion-300x169.jpg\" class=\"pt-cv-thumbnail\" alt=\"\" srcset=\"https:\/\/audec.edu.uy\/wp-content\/uploads\/2026\/09\/dia-de-la-educacion-catolica-Presentacion-300x169.jpg 300w, https:\/\/audec.edu.uy\/wp-content\/uploads\/2026\/09\/dia-de-la-educacion-catolica-Presentacion-1024x576.jpg 1024w, https:\/\/audec.edu.uy\/wp-content\/uploads\/2026\/09\/dia-de-la-educacion-catolica-Presentacion-768x432.jpg 768w, https:\/\/audec.edu.uy\/wp-content\/uploads\/2026\/09\/dia-de-la-educacion-catolica-Presentacion-1536x864.jpg 1536w, https:\/\/audec.edu.uy\/wp-content\/uploads\/2026\/09\/dia-de-la-educacion-catolica-Presentacion-1200x675.jpg 1200w, https:\/\/audec.edu.uy\/wp-content\/uploads\/2026\/09\/dia-de-la-educacion-catolica-Presentacion.jpg 1920w\" sizes=\"auto, (max-width: 300px) 85vw, 300px\" \/><\/a>\n<h4 class=\"pt-cv-title\"><a href=\"https:\/\/audec.edu.uy\/index.php\/2026\/09\/01\/celebracion-dia-de-la-educacion-catolica\/\" class=\"_self\" target=\"_self\" >CELEBRACI\u00d3N D\u00cdA DE LA EDUCACI\u00d3N CAT\u00d3LICA<\/a><\/h4>\n<div class=\"pt-cv-content\">Los invitamos a celebrar nuestro d\u00eda poniendo en el centro una pregunta que hoy interpela profundamente a todos quienes educamos: ...<br \/><div class=\"pt-cv-rmwrap\"><a href=\"https:\/\/audec.edu.uy\/index.php\/2026\/09\/01\/celebracion-dia-de-la-educacion-catolica\/\" class=\"_self pt-cv-readmore btn btn-success\" target=\"_self\">Leer M\u00e1s<\/a><\/div><\/div><\/div><\/div><\/div><\/div><\/div> <\/div>\n                <\/div>\n              <\/div>\n            <\/div>\n          <\/div>\n        <\/div>\n      <\/div>\n    <\/section>\n    <section class=\"u-clearfix u-gradient u-section-4\" id=\"sec-6508\">\n      <div class=\"u-clearfix u-sheet u-sheet-1\">\n        <div class=\"data-layout-selected u-clearfix u-expanded-width u-gutter-16 u-layout-wrap u-layout-wrap-1\">\n          <div class=\"u-layout\">\n            <div class=\"u-layout-col\">\n              <div class=\"u-size-30\">\n                <div class=\"u-layout-col\">\n                  <div class=\"u-container-style u-layout-cell u-opacity u-opacity-45 u-palette-4-light-3 u-size-60 u-layout-cell-1\">\n                    <div class=\"u-container-layout u-container-layout-1\">\n                      <h2 class=\"u-align-center u-text u-text-default u-text-palette-1-base u-text-1\">\u00daltimas <span style=\"font-weight: 700;\">noticias<\/span>\n                      <\/h2>\n                      <div class=\"u-clearfix u-custom-html u-custom-html-1\"><div class=\"pt-cv-wrapper\"><div class=\"pt-cv-view pt-cv-grid pt-cv-colsys\" id=\"pt-cv-view-62c6b549kl\"><div data-id=\"pt-cv-page-1\" class=\"pt-cv-page\" data-cvc=\"2\"><div class=\"col-md-6 col-sm-6 col-xs-12 pt-cv-content-item pt-cv-1-col\" ><div class='pt-cv-ifield'><a href=\"https:\/\/audec.edu.uy\/index.php\/2026\/06\/02\/certificacion-en-gestion-educativa\/\" class=\"_self pt-cv-href-thumbnail pt-cv-thumb-default\" target=\"_self\" ><img loading=\"lazy\" decoding=\"async\" width=\"300\" height=\"169\" src=\"https:\/\/audec.edu.uy\/wp-content\/uploads\/2026\/06\/CURSO-300x169.jpg\" class=\"pt-cv-thumbnail\" alt=\"\" srcset=\"https:\/\/audec.edu.uy\/wp-content\/uploads\/2026\/06\/CURSO-300x169.jpg 300w, https:\/\/audec.edu.uy\/wp-content\/uploads\/2026\/06\/CURSO-768x432.jpg 768w, https:\/\/audec.edu.uy\/wp-content\/uploads\/2026\/06\/CURSO.jpg 1024w\" sizes=\"auto, (max-width: 300px) 85vw, 300px\" \/><\/a>\n<h5 class=\"pt-cv-title\"><a href=\"https:\/\/audec.edu.uy\/index.php\/2026\/06\/02\/certificacion-en-gestion-educativa\/\" class=\"_self\" target=\"_self\" >Certificaci\u00f3n en Gesti\u00f3n Educativa<\/a><\/h5>\n<div class=\"pt-cv-content\">Con la participaci\u00f3n de directivos y referentes educativos de distintos colegios del pa\u00eds, el 23 de mayo comenzamos la Certificaci\u00f3n en Gesti\u00f3n de Centros Educativos, ...<\/div><\/div><\/div>\n<div class=\"col-md-6 col-sm-6 col-xs-12 pt-cv-content-item pt-cv-1-col\" ><div class='pt-cv-ifield'><a href=\"https:\/\/audec.edu.uy\/index.php\/2025\/12\/11\/nueva-direccion-nacional-de-audec\/\" class=\"_self pt-cv-href-thumbnail pt-cv-thumb-default\" target=\"_self\" ><img loading=\"lazy\" decoding=\"async\" width=\"300\" height=\"169\" src=\"https:\/\/audec.edu.uy\/wp-content\/uploads\/2025\/12\/direccion-300x169.jpg\" class=\"pt-cv-thumbnail\" alt=\"\" srcset=\"https:\/\/audec.edu.uy\/wp-content\/uploads\/2025\/12\/direccion-300x169.jpg 300w, https:\/\/audec.edu.uy\/wp-content\/uploads\/2025\/12\/direccion-1024x576.jpg 1024w, https:\/\/audec.edu.uy\/wp-content\/uploads\/2025\/12\/direccion-768x432.jpg 768w, https:\/\/audec.edu.uy\/wp-content\/uploads\/2025\/12\/direccion-1536x864.jpg 1536w, https:\/\/audec.edu.uy\/wp-content\/uploads\/2025\/12\/direccion-1200x675.jpg 1200w, https:\/\/audec.edu.uy\/wp-content\/uploads\/2025\/12\/direccion.jpg 1920w\" sizes=\"auto, (max-width: 300px) 85vw, 300px\" \/><\/a>\n<h5 class=\"pt-cv-title\"><a href=\"https:\/\/audec.edu.uy\/index.php\/2025\/12\/11\/nueva-direccion-nacional-de-audec\/\" class=\"_self\" target=\"_self\" >Nueva Direcci\u00f3n Nacional de AUDEC<\/a><\/h5>\n<div class=\"pt-cv-content\">Con entusiasmo y esperanza comienza un nuevo trienio de trabajo en la Asociaci\u00f3n. El 9 de diciembre la Direcci\u00f3n Nacional saliente y la nueva Direcci\u00f3n ...<\/div><\/div><\/div>\n<div class=\"col-md-6 col-sm-6 col-xs-12 pt-cv-content-item pt-cv-1-col\" ><div class='pt-cv-ifield'><a href=\"https:\/\/audec.edu.uy\/index.php\/2025\/09\/09\/asamblea-de-socios-y-dia-de-la-educacion-catolica\/\" class=\"_self pt-cv-href-thumbnail pt-cv-thumb-default\" target=\"_self\" ><img loading=\"lazy\" decoding=\"async\" width=\"300\" height=\"169\" src=\"https:\/\/audec.edu.uy\/wp-content\/uploads\/2025\/09\/asamblea-300x169.jpg\" class=\"pt-cv-thumbnail\" alt=\"\" srcset=\"https:\/\/audec.edu.uy\/wp-content\/uploads\/2025\/09\/asamblea-300x169.jpg 300w, https:\/\/audec.edu.uy\/wp-content\/uploads\/2025\/09\/asamblea-768x432.jpg 768w, https:\/\/audec.edu.uy\/wp-content\/uploads\/2025\/09\/asamblea.jpg 1024w\" sizes=\"auto, (max-width: 300px) 85vw, 300px\" \/><\/a>\n<h5 class=\"pt-cv-title\"><a href=\"https:\/\/audec.edu.uy\/index.php\/2025\/09\/09\/asamblea-de-socios-y-dia-de-la-educacion-catolica\/\" class=\"_self\" target=\"_self\" >Asamblea de Socios y D\u00eda de la Educaci\u00f3n Cat\u00f3lica<\/a><\/h5>\n<div class=\"pt-cv-content\">\u2728Reconocer, celebrar, agradecer\u2728 El lunes 8 de setiembre compartimos nuestra tradicional Asamblea de Socios, en un ambiente de encuentro y reflexi\u00f3n. Presentamos nuestra memoria de ...<\/div><\/div><\/div>\n<div class=\"col-md-6 col-sm-6 col-xs-12 pt-cv-content-item pt-cv-1-col\" ><div class='pt-cv-ifield'><a href=\"https:\/\/audec.edu.uy\/index.php\/2025\/07\/31\/nuevo-podcast-audec-icm-tv\/\" class=\"_self pt-cv-href-thumbnail pt-cv-thumb-default\" target=\"_self\" ><img loading=\"lazy\" decoding=\"async\" width=\"300\" height=\"169\" src=\"https:\/\/audec.edu.uy\/wp-content\/uploads\/2025\/07\/modo-300x169.jpg\" class=\"pt-cv-thumbnail\" alt=\"\" srcset=\"https:\/\/audec.edu.uy\/wp-content\/uploads\/2025\/07\/modo-300x169.jpg 300w, https:\/\/audec.edu.uy\/wp-content\/uploads\/2025\/07\/modo-768x432.jpg 768w, https:\/\/audec.edu.uy\/wp-content\/uploads\/2025\/07\/modo.jpg 1024w\" sizes=\"auto, (max-width: 300px) 85vw, 300px\" \/><\/a>\n<h5 class=\"pt-cv-title\"><a href=\"https:\/\/audec.edu.uy\/index.php\/2025\/07\/31\/nuevo-podcast-audec-icm-tv\/\" class=\"_self\" target=\"_self\" >Nuevo podcast: AUDEC + ICM tv<\/a><\/h5>\n<div class=\"pt-cv-content\">Estamos conectados, pero\u2026 \u00bfQu\u00e9 tan cerca estamos unos de otros? Con el objetivo de reflexionar sobre el impacto de la tecnolog\u00eda en nuestra vida, lanzamos ...<\/div><\/div><\/div><\/div><\/div><\/div> <\/div>\n                      <a href=\"\/index.php\/category\/noticias\/\" class=\"u-border-2 u-border-hover-grey-75 u-border-no-left u-border-no-right u-border-no-top u-border-palette-1-base u-bottom-left-radius-0 u-bottom-right-radius-0 u-btn u-button-style u-none u-radius-0 u-top-left-radius-0 u-top-right-radius-0 u-btn-1\">+ noticias<\/a>\n                    <\/div>\n                  <\/div>\n                <\/div>\n              <\/div>\n              <div class=\"u-size-30\">\n                <div class=\"u-layout-row\">\n                  <div class=\"u-container-style u-layout-cell u-opacity u-opacity-45 u-palette-2-light-3 u-size-60 u-layout-cell-2\">\n                    <div class=\"u-container-layout u-container-layout-2\">\n                      <h3 class=\"u-text u-text-default u-text-palette-1-base u-text-2\"><b>Oportunidades&nbsp;<span style=\"font-weight: 400;\">laborale\u200bs<\/span><\/b>\n                      <\/h3>\n                      <div class=\"u-clearfix u-custom-html u-custom-html-2\"><div class=\"pt-cv-wrapper\"><div class=\"pt-cv-view pt-cv-grid pt-cv-colsys\" id=\"pt-cv-view-1e0a36cpio\"><div data-id=\"pt-cv-page-1\" class=\"pt-cv-page\" data-cvc=\"3\"><div class=\"col-md-4 col-sm-6 col-xs-12 pt-cv-content-item pt-cv-1-col\" ><div class='pt-cv-ifield'><h6 class=\"pt-cv-title\"><a href=\"https:\/\/audec.edu.uy\/index.php\/2026\/06\/09\/educador-reten-club-de-ninos-puertas-abiertas\/\" class=\"_self\" target=\"_self\" >Educador ret\u00e9n &#8211; Club de ni\u00f1os Puertas Abiertas<\/a><\/h6>\n<div class=\"pt-cv-meta-fields\"><span class=\"entry-date\"> <time datetime=\"2026-06-09T16:29:38-03:00\">9 de junio de 2026<\/time><\/span><\/div><\/div><\/div>\n<div class=\"col-md-4 col-sm-6 col-xs-12 pt-cv-content-item pt-cv-1-col\" ><div class='pt-cv-ifield'><h6 class=\"pt-cv-title\"><a href=\"https:\/\/audec.edu.uy\/index.php\/2026\/06\/09\/responsable-de-recursos-humanos-colegio-jesus-maria\/\" class=\"_self\" target=\"_self\" >Responsable de Recursos Humanos &#8211; Colegio Jes\u00fas Mar\u00eda<\/a><\/h6>\n<div class=\"pt-cv-meta-fields\"><span class=\"entry-date\"> <time datetime=\"2026-06-09T16:26:41-03:00\">9 de junio de 2026<\/time><\/span><\/div><\/div><\/div>\n<div class=\"col-md-4 col-sm-6 col-xs-12 pt-cv-content-item pt-cv-1-col\" ><div class='pt-cv-ifield'><h6 class=\"pt-cv-title\"><a href=\"https:\/\/audec.edu.uy\/index.php\/2026\/05\/08\/coord-comunicacion-y-marketing-colegio-pallotti\/\" class=\"_self\" target=\"_self\" >Coord. Comunicaci\u00f3n y Marketing &#8211; Colegio Pallotti<\/a><\/h6>\n<div class=\"pt-cv-meta-fields\"><span class=\"entry-date\"> <time datetime=\"2026-05-08T08:56:24-03:00\">8 de mayo de 2026<\/time><\/span><\/div><\/div><\/div>\n<div class=\"col-md-4 col-sm-6 col-xs-12 pt-cv-content-item pt-cv-1-col\" ><div class='pt-cv-ifield'><h6 class=\"pt-cv-title\"><a href=\"https:\/\/audec.edu.uy\/index.php\/2026\/04\/15\/educador-de-recreacion-y-deporte-proyecto-gurisaes\/\" class=\"_self\" target=\"_self\" >Educador de\u00a0 Recreaci\u00f3n y Deporte -Proyecto Gurisaes<\/a><\/h6>\n<div class=\"pt-cv-meta-fields\"><span class=\"entry-date\"> <time datetime=\"2026-04-15T17:29:59-03:00\">15 de abril de 2026<\/time><\/span><\/div><\/div><\/div>\n<div class=\"col-md-4 col-sm-6 col-xs-12 pt-cv-content-item pt-cv-1-col\" ><div class='pt-cv-ifield'><h6 class=\"pt-cv-title\"><a href=\"https:\/\/audec.edu.uy\/index.php\/2026\/03\/26\/lic-trabajo-social-club-de-ninos-puertas-abiertas\/\" class=\"_self\" target=\"_self\" >Lic. Trabajo Social &#8211; Club de ni\u00f1os Puertas abiertas<\/a><\/h6>\n<div class=\"pt-cv-meta-fields\"><span class=\"entry-date\"> <time datetime=\"2026-03-26T19:31:00-03:00\">26 de marzo de 2026<\/time><\/span><\/div><\/div><\/div>\n<div class=\"col-md-4 col-sm-6 col-xs-12 pt-cv-content-item pt-cv-1-col\" ><div class='pt-cv-ifield'><h6 class=\"pt-cv-title\"><a href=\"https:\/\/audec.edu.uy\/index.php\/2026\/02\/13\/subcoordinador-a-hogar-marista\/\" class=\"_self\" target=\"_self\" >Subcoordinador\/a &#8211; Hogar Marista<\/a><\/h6>\n<div class=\"pt-cv-meta-fields\"><span class=\"entry-date\"> <time datetime=\"2026-02-13T15:14:55-03:00\">13 de febrero de 2026<\/time><\/span><\/div><\/div><\/div><\/div><\/div><\/div> <\/div>\n                      <a href=\"\/index.php\/category\/llamados\/\" class=\"u-border-2 u-border-hover-grey-75 u-border-no-left u-border-no-right u-border-no-top u-border-palette-1-base u-bottom-left-radius-0 u-bottom-right-radius-0 u-btn u-button-style u-none u-radius-0 u-top-left-radius-0 u-top-right-radius-0 u-btn-2\">+ oportunidades<\/a>\n                    <\/div>\n                  <\/div>\n                <\/div>\n              <\/div>\n            <\/div>\n          <\/div>\n        <\/div>\n      <\/div>\n    <\/section>\n    <section class=\"u-clearfix u-container-align-center u-custom-color-2 u-section-5\" id=\"sec-d2bd\">\n      <div class=\"u-clearfix u-sheet u-sheet-1\">\n        <h5 class=\"u-align-center-xs u-text u-text-default u-text-palette-1-base u-text-1\">Suscr\u00edbete a nuestros newsletters<\/h5>\n        <a href=\".\/index.php\/newsletter\/\" class=\"u-btn u-button-style u-hover-palette-1-dark-1 u-palette-1-base u-btn-1\">Suscribirse<\/a>\n      <\/div>\n    <\/section>\n    <section class=\"u-clearfix u-custom-color-2 u-section-6\" id=\"block-8\">\n      <div class=\"u-clearfix u-sheet u-valign-middle-xl u-sheet-1\">\n        <h3 class=\"u-align-center u-text u-text-default u-text-palette-1-base u-text-1\"><span style=\"font-weight: 400;\">S\u00edgenos en <\/span>Instagram\n        <\/h3>\n        <div class=\"u-expanded-width u-shortcode u-shortcode-1\">\n<div id=\"sb_instagram\" role=\"region\" aria-label=\"Instagram feed\"  class=\"sbi sbi_mob_col_1 sbi_tab_col_2 sbi_col_4 sbi_width_resp\" style=\"padding-bottom: 10px;\"\t data-feedid=\"*1\"  data-res=\"auto\" data-cols=\"4\" data-colsmobile=\"1\" data-colstablet=\"2\" data-num=\"8\" data-nummobile=\"6\" data-item-padding=\"5\"\t data-shortcode-atts=\"{&quot;feed&quot;:&quot;1&quot;,&quot;cachetime&quot;:30}\"  data-postid=\"9441\" data-locatornonce=\"03ceb7018a\" data-imageaspectratio=\"4:5\" data-sbi-flags=\"favorLocal\">\n\t<div class=\"sb_instagram_header  sbi_medium\"   >\n\t<a class=\"sbi_header_link\" target=\"_blank\"\n\t   aria-label=\"audec.uruguay on Instagram\"\n\t   rel=\"nofollow noopener\" href=\"https:\/\/www.instagram.com\/audec.uruguay\/\" title=\"@audec.uruguay\">\n\t\t<div class=\"sbi_header_text\">\n\t\t\t<div class=\"sbi_header_img\"  data-avatar-url=\"https:\/\/scontent-gru1-2.cdninstagram.com\/v\/t51.2885-19\/470495726_560776373469038_2780611615270227481_n.jpg?stp=dst-jpg_s206x206_tt6&amp;_nc_cat=103&amp;ccb=7-5&amp;_nc_sid=bf7eb4&amp;efg=eyJ2ZW5jb2RlX3RhZyI6InByb2ZpbGVfcGljLnd3dy4xMDgwLkMzIn0%3D&amp;_nc_ohc=Fjzez7Y_Sc4Q7kNvwHstnYP&amp;_nc_oc=AdrF0Rr6OHKA6zR5Tv2zCO1A5gf-R91J1efw-k-PTczxli-1e-Z6R7QuF2lCJXwqrCww6cANRWJJHi8RZIiPrx_z&amp;_nc_zt=24&amp;_nc_ht=scontent-gru1-2.cdninstagram.com&amp;edm=AP4hL3IEAAAA&amp;_nc_tpa=Q5bMBQKMvcZ2raglCZXp1muI6NGBtN6uY4fnBJl0ks1u3Z4KItzADgpjHkksAqBZd3UxL7OxTgu0gqaDsw&amp;oh=00_AQIVaq4RqvlsLAFy3VeJts_b7rajA0z3BDCzsbeVWPH_JA&amp;oe=6A9B1E05\">\n\t\t\t\t\t\t\t\t\t<div class=\"sbi_header_img_hover\"  ><svg class=\"sbi_new_logo fa-instagram fa-w-14\" aria-hidden=\"true\" data-fa-processed=\"\" aria-label=\"Instagram\" data-prefix=\"fab\" data-icon=\"instagram\" role=\"img\" viewBox=\"0 0 448 512\">\n                    <path fill=\"currentColor\" d=\"M224.1 141c-63.6 0-114.9 51.3-114.9 114.9s51.3 114.9 114.9 114.9S339 319.5 339 255.9 287.7 141 224.1 141zm0 189.6c-41.1 0-74.7-33.5-74.7-74.7s33.5-74.7 74.7-74.7 74.7 33.5 74.7 74.7-33.6 74.7-74.7 74.7zm146.4-194.3c0 14.9-12 26.8-26.8 26.8-14.9 0-26.8-12-26.8-26.8s12-26.8 26.8-26.8 26.8 12 26.8 26.8zm76.1 27.2c-1.7-35.9-9.9-67.7-36.2-93.9-26.2-26.2-58-34.4-93.9-36.2-37-2.1-147.9-2.1-184.9 0-35.8 1.7-67.6 9.9-93.9 36.1s-34.4 58-36.2 93.9c-2.1 37-2.1 147.9 0 184.9 1.7 35.9 9.9 67.7 36.2 93.9s58 34.4 93.9 36.2c37 2.1 147.9 2.1 184.9 0 35.9-1.7 67.7-9.9 93.9-36.2 26.2-26.2 34.4-58 36.2-93.9 2.1-37 2.1-147.8 0-184.8zM398.8 388c-7.8 19.6-22.9 34.7-42.6 42.6-29.5 11.7-99.5 9-132.1 9s-102.7 2.6-132.1-9c-19.6-7.8-34.7-22.9-42.6-42.6-11.7-29.5-9-99.5-9-132.1s-2.6-102.7 9-132.1c7.8-19.6 22.9-34.7 42.6-42.6 29.5-11.7 99.5-9 132.1-9s102.7-2.6 132.1 9c19.6 7.8 34.7 22.9 42.6 42.6 11.7 29.5 9 99.5 9 132.1s2.7 102.7-9 132.1z\"><\/path>\n                <\/svg><\/div>\n\t\t\t\t\t<img loading=\"lazy\" decoding=\"async\"  src=\"https:\/\/audec.edu.uy\/wp-content\/uploads\/sb-instagram-feed-images\/audec.uruguay.webp\" alt=\"\" width=\"50\" height=\"50\">\n\t\t\t\t\n\t\t\t\t\t\t\t<\/div>\n\n\t\t\t<div class=\"sbi_feedtheme_header_text\">\n\t\t\t\t<h3>audec.uruguay<\/h3>\n\t\t\t\t\t\t\t\t\t<p class=\"sbi_bio\">\u25fe\ufe0f157 colegios y 170 proyectos socioeducativos de todo el pa\u00eds.<br>\nAcompa\u00f1amos proyectos de vida, CON FE EN EL FUTURO\u2764\ufe0f<\/p>\n\t\t\t\t\t\t\t<\/div>\n\t\t<\/div>\n\t<\/a>\n<\/div>\n\n\t<div id=\"sbi_images\" role=\"list\"  style=\"gap: 10px;\">\n\t\t<div class=\"sbi_item sbi_type_carousel sbi_new sbi_transition\" role=\"listitem\"\n\tid=\"sbi_17938979601336485\" data-date=\"1786395370\">\n\t<div class=\"sbi_photo_wrap\">\n\t\t<a class=\"sbi_photo\" href=\"https:\/\/www.instagram.com\/p\/Db37AbxDsMt\/\" target=\"_blank\" rel=\"noopener nofollow\"\n\t\t\tdata-full-res=\"https:\/\/scontent-gru2-2.cdninstagram.com\/v\/t39.30808-6\/768502188_1682854243802213_6898671388374933169_n.jpg?stp=dst-jpg_e35_tt6&#038;_nc_cat=105&#038;ccb=7-5&#038;_nc_sid=18de74&#038;efg=eyJlZmdfdGFnIjoiQ0FST1VTRUxfSVRFTS5iZXN0X2ltYWdlX3VybGdlbi5DMyJ9&#038;_nc_ohc=cuCGND62zZwQ7kNvwGnAH88&#038;_nc_oc=AdpPK0LgY3rRgAIR3S2RQ0nSGDPWQCGVhJr9-enskw8gpGB5k-7QXk_iNr40H9DbKytOWfr1WycIEBlnOIDIfIpC&#038;_nc_zt=23&#038;_nc_ht=scontent-gru2-2.cdninstagram.com&#038;edm=ANo9K5cEAAAA&#038;_nc_gid=N4PXuXoRJET_ElG-3_rm8g&#038;_nc_tpa=Q5bMBQI5CYRJX6cpw8yGmsCn7TeiBZ33nqsU9jr6NMYHovCZZPbeehMNCIEJ_17lo_f4_IQg1q9rEh2mHQ&#038;oh=00_AQIWUth64WmoiOTWyqy0S3jMsypePAEx5WmDRKgWNUaxMQ&#038;oe=6A9B1A43\"\n\t\t\tdata-img-src-set=\"{&quot;d&quot;:&quot;https:\\\/\\\/scontent-gru2-2.cdninstagram.com\\\/v\\\/t39.30808-6\\\/768502188_1682854243802213_6898671388374933169_n.jpg?stp=dst-jpg_e35_tt6&amp;_nc_cat=105&amp;ccb=7-5&amp;_nc_sid=18de74&amp;efg=eyJlZmdfdGFnIjoiQ0FST1VTRUxfSVRFTS5iZXN0X2ltYWdlX3VybGdlbi5DMyJ9&amp;_nc_ohc=cuCGND62zZwQ7kNvwGnAH88&amp;_nc_oc=AdpPK0LgY3rRgAIR3S2RQ0nSGDPWQCGVhJr9-enskw8gpGB5k-7QXk_iNr40H9DbKytOWfr1WycIEBlnOIDIfIpC&amp;_nc_zt=23&amp;_nc_ht=scontent-gru2-2.cdninstagram.com&amp;edm=ANo9K5cEAAAA&amp;_nc_gid=N4PXuXoRJET_ElG-3_rm8g&amp;_nc_tpa=Q5bMBQI5CYRJX6cpw8yGmsCn7TeiBZ33nqsU9jr6NMYHovCZZPbeehMNCIEJ_17lo_f4_IQg1q9rEh2mHQ&amp;oh=00_AQIWUth64WmoiOTWyqy0S3jMsypePAEx5WmDRKgWNUaxMQ&amp;oe=6A9B1A43&quot;,&quot;150&quot;:&quot;https:\\\/\\\/scontent-gru2-2.cdninstagram.com\\\/v\\\/t39.30808-6\\\/768502188_1682854243802213_6898671388374933169_n.jpg?stp=dst-jpg_e35_tt6&amp;_nc_cat=105&amp;ccb=7-5&amp;_nc_sid=18de74&amp;efg=eyJlZmdfdGFnIjoiQ0FST1VTRUxfSVRFTS5iZXN0X2ltYWdlX3VybGdlbi5DMyJ9&amp;_nc_ohc=cuCGND62zZwQ7kNvwGnAH88&amp;_nc_oc=AdpPK0LgY3rRgAIR3S2RQ0nSGDPWQCGVhJr9-enskw8gpGB5k-7QXk_iNr40H9DbKytOWfr1WycIEBlnOIDIfIpC&amp;_nc_zt=23&amp;_nc_ht=scontent-gru2-2.cdninstagram.com&amp;edm=ANo9K5cEAAAA&amp;_nc_gid=N4PXuXoRJET_ElG-3_rm8g&amp;_nc_tpa=Q5bMBQI5CYRJX6cpw8yGmsCn7TeiBZ33nqsU9jr6NMYHovCZZPbeehMNCIEJ_17lo_f4_IQg1q9rEh2mHQ&amp;oh=00_AQIWUth64WmoiOTWyqy0S3jMsypePAEx5WmDRKgWNUaxMQ&amp;oe=6A9B1A43&quot;,&quot;320&quot;:&quot;https:\\\/\\\/scontent-gru2-2.cdninstagram.com\\\/v\\\/t39.30808-6\\\/768502188_1682854243802213_6898671388374933169_n.jpg?stp=dst-jpg_e35_tt6&amp;_nc_cat=105&amp;ccb=7-5&amp;_nc_sid=18de74&amp;efg=eyJlZmdfdGFnIjoiQ0FST1VTRUxfSVRFTS5iZXN0X2ltYWdlX3VybGdlbi5DMyJ9&amp;_nc_ohc=cuCGND62zZwQ7kNvwGnAH88&amp;_nc_oc=AdpPK0LgY3rRgAIR3S2RQ0nSGDPWQCGVhJr9-enskw8gpGB5k-7QXk_iNr40H9DbKytOWfr1WycIEBlnOIDIfIpC&amp;_nc_zt=23&amp;_nc_ht=scontent-gru2-2.cdninstagram.com&amp;edm=ANo9K5cEAAAA&amp;_nc_gid=N4PXuXoRJET_ElG-3_rm8g&amp;_nc_tpa=Q5bMBQI5CYRJX6cpw8yGmsCn7TeiBZ33nqsU9jr6NMYHovCZZPbeehMNCIEJ_17lo_f4_IQg1q9rEh2mHQ&amp;oh=00_AQIWUth64WmoiOTWyqy0S3jMsypePAEx5WmDRKgWNUaxMQ&amp;oe=6A9B1A43&quot;,&quot;640&quot;:&quot;https:\\\/\\\/scontent-gru2-2.cdninstagram.com\\\/v\\\/t39.30808-6\\\/768502188_1682854243802213_6898671388374933169_n.jpg?stp=dst-jpg_e35_tt6&amp;_nc_cat=105&amp;ccb=7-5&amp;_nc_sid=18de74&amp;efg=eyJlZmdfdGFnIjoiQ0FST1VTRUxfSVRFTS5iZXN0X2ltYWdlX3VybGdlbi5DMyJ9&amp;_nc_ohc=cuCGND62zZwQ7kNvwGnAH88&amp;_nc_oc=AdpPK0LgY3rRgAIR3S2RQ0nSGDPWQCGVhJr9-enskw8gpGB5k-7QXk_iNr40H9DbKytOWfr1WycIEBlnOIDIfIpC&amp;_nc_zt=23&amp;_nc_ht=scontent-gru2-2.cdninstagram.com&amp;edm=ANo9K5cEAAAA&amp;_nc_gid=N4PXuXoRJET_ElG-3_rm8g&amp;_nc_tpa=Q5bMBQI5CYRJX6cpw8yGmsCn7TeiBZ33nqsU9jr6NMYHovCZZPbeehMNCIEJ_17lo_f4_IQg1q9rEh2mHQ&amp;oh=00_AQIWUth64WmoiOTWyqy0S3jMsypePAEx5WmDRKgWNUaxMQ&amp;oe=6A9B1A43&quot;}\">\n\t\t\t<span class=\"sbi-screenreader\">\ud83c\udf1fSeguimos sumando alianzas para acompa\u00f1ar, fortale<\/span>\n\t\t\t<svg class=\"svg-inline--fa fa-clone fa-w-16 sbi_lightbox_carousel_icon\" aria-hidden=\"true\" aria-label=\"Clone\" data-fa-pro\u0192cessed=\"\" data-prefix=\"far\" data-icon=\"clone\" role=\"img\" xmlns=\"http:\/\/www.w3.org\/2000\/svg\" viewBox=\"0 0 512 512\">\n                    <path fill=\"currentColor\" d=\"M464 0H144c-26.51 0-48 21.49-48 48v48H48c-26.51 0-48 21.49-48 48v320c0 26.51 21.49 48 48 48h320c26.51 0 48-21.49 48-48v-48h48c26.51 0 48-21.49 48-48V48c0-26.51-21.49-48-48-48zM362 464H54a6 6 0 0 1-6-6V150a6 6 0 0 1 6-6h42v224c0 26.51 21.49 48 48 48h224v42a6 6 0 0 1-6 6zm96-96H150a6 6 0 0 1-6-6V54a6 6 0 0 1 6-6h308a6 6 0 0 1 6 6v308a6 6 0 0 1-6 6z\"><\/path>\n                <\/svg>\t\t\t\t\t\t<img decoding=\"async\" src=\"https:\/\/audec.edu.uy\/wp-content\/plugins\/instagram-feed\/img\/placeholder.png\" alt=\"\ud83c\udf1fSeguimos sumando alianzas para acompa\u00f1ar, fortalecer y generar nuevas oportunidades para la Educaci\u00f3n Cat\u00f3lica.\n\u2705En esta oportunidad, celebramos un convenio de cooperaci\u00f3n con International House, que nos permite seguir tendiendo puentes y promoviendo iniciativas de formaci\u00f3n, aprendizaje e intercambio.\n\n-\n-\n@ihmontevideo \n#educacion #ingles #educacioncatolica #educar\" aria-hidden=\"true\">\n\t\t<\/a>\n\t<\/div>\n<\/div><div class=\"sbi_item sbi_type_video sbi_new sbi_transition\" role=\"listitem\"\n\tid=\"sbi_18325925230280240\" data-date=\"1785272890\">\n\t<div class=\"sbi_photo_wrap\">\n\t\t<a class=\"sbi_photo\" href=\"https:\/\/www.instagram.com\/reel\/DbWd-SokSnS\/\" target=\"_blank\" rel=\"noopener nofollow\"\n\t\t\tdata-full-res=\"https:\/\/scontent-gru1-2.cdninstagram.com\/v\/t51.82787-15\/758029069_18103013633587527_8409801237930970958_n.jpg?stp=dst-jpg_e35_tt6&#038;_nc_cat=100&#038;ccb=7-5&#038;_nc_sid=18de74&#038;efg=eyJlZmdfdGFnIjoiQ0xJUFMuYmVzdF9pbWFnZV91cmxnZW4uQzMifQ%3D%3D&#038;_nc_ohc=05QTNOg1IOoQ7kNvwFnKMBs&#038;_nc_oc=AdoRiB3-oMhzx0V5bZMhmhppdrCl2Y4rJWdpxGZ0tg3sEYnxeoV7YKgbrOxcIdILUMtDaupm1RANZOLpSdJU30BI&#038;_nc_zt=23&#038;_nc_ht=scontent-gru1-2.cdninstagram.com&#038;edm=ANo9K5cEAAAA&#038;_nc_gid=N4PXuXoRJET_ElG-3_rm8g&#038;_nc_tpa=Q5bMBQKrSXUvPzSq3WEvvwoDJEKkLC-sezFE82EkOzFH-CoWEh5BMQx42jRKv3IeG4aAlrcEF-lwp-ryXg&#038;oh=00_AQJjTmmINacwWoVPP5QqpRqkFj2mz_OJxyESjaNnK9DYqQ&#038;oe=6A9B3483\"\n\t\t\tdata-img-src-set=\"{&quot;d&quot;:&quot;https:\\\/\\\/scontent-gru1-2.cdninstagram.com\\\/v\\\/t51.82787-15\\\/758029069_18103013633587527_8409801237930970958_n.jpg?stp=dst-jpg_e35_tt6&amp;_nc_cat=100&amp;ccb=7-5&amp;_nc_sid=18de74&amp;efg=eyJlZmdfdGFnIjoiQ0xJUFMuYmVzdF9pbWFnZV91cmxnZW4uQzMifQ%3D%3D&amp;_nc_ohc=05QTNOg1IOoQ7kNvwFnKMBs&amp;_nc_oc=AdoRiB3-oMhzx0V5bZMhmhppdrCl2Y4rJWdpxGZ0tg3sEYnxeoV7YKgbrOxcIdILUMtDaupm1RANZOLpSdJU30BI&amp;_nc_zt=23&amp;_nc_ht=scontent-gru1-2.cdninstagram.com&amp;edm=ANo9K5cEAAAA&amp;_nc_gid=N4PXuXoRJET_ElG-3_rm8g&amp;_nc_tpa=Q5bMBQKrSXUvPzSq3WEvvwoDJEKkLC-sezFE82EkOzFH-CoWEh5BMQx42jRKv3IeG4aAlrcEF-lwp-ryXg&amp;oh=00_AQJjTmmINacwWoVPP5QqpRqkFj2mz_OJxyESjaNnK9DYqQ&amp;oe=6A9B3483&quot;,&quot;150&quot;:&quot;https:\\\/\\\/scontent-gru1-2.cdninstagram.com\\\/v\\\/t51.82787-15\\\/758029069_18103013633587527_8409801237930970958_n.jpg?stp=dst-jpg_e35_tt6&amp;_nc_cat=100&amp;ccb=7-5&amp;_nc_sid=18de74&amp;efg=eyJlZmdfdGFnIjoiQ0xJUFMuYmVzdF9pbWFnZV91cmxnZW4uQzMifQ%3D%3D&amp;_nc_ohc=05QTNOg1IOoQ7kNvwFnKMBs&amp;_nc_oc=AdoRiB3-oMhzx0V5bZMhmhppdrCl2Y4rJWdpxGZ0tg3sEYnxeoV7YKgbrOxcIdILUMtDaupm1RANZOLpSdJU30BI&amp;_nc_zt=23&amp;_nc_ht=scontent-gru1-2.cdninstagram.com&amp;edm=ANo9K5cEAAAA&amp;_nc_gid=N4PXuXoRJET_ElG-3_rm8g&amp;_nc_tpa=Q5bMBQKrSXUvPzSq3WEvvwoDJEKkLC-sezFE82EkOzFH-CoWEh5BMQx42jRKv3IeG4aAlrcEF-lwp-ryXg&amp;oh=00_AQJjTmmINacwWoVPP5QqpRqkFj2mz_OJxyESjaNnK9DYqQ&amp;oe=6A9B3483&quot;,&quot;320&quot;:&quot;https:\\\/\\\/scontent-gru1-2.cdninstagram.com\\\/v\\\/t51.82787-15\\\/758029069_18103013633587527_8409801237930970958_n.jpg?stp=dst-jpg_e35_tt6&amp;_nc_cat=100&amp;ccb=7-5&amp;_nc_sid=18de74&amp;efg=eyJlZmdfdGFnIjoiQ0xJUFMuYmVzdF9pbWFnZV91cmxnZW4uQzMifQ%3D%3D&amp;_nc_ohc=05QTNOg1IOoQ7kNvwFnKMBs&amp;_nc_oc=AdoRiB3-oMhzx0V5bZMhmhppdrCl2Y4rJWdpxGZ0tg3sEYnxeoV7YKgbrOxcIdILUMtDaupm1RANZOLpSdJU30BI&amp;_nc_zt=23&amp;_nc_ht=scontent-gru1-2.cdninstagram.com&amp;edm=ANo9K5cEAAAA&amp;_nc_gid=N4PXuXoRJET_ElG-3_rm8g&amp;_nc_tpa=Q5bMBQKrSXUvPzSq3WEvvwoDJEKkLC-sezFE82EkOzFH-CoWEh5BMQx42jRKv3IeG4aAlrcEF-lwp-ryXg&amp;oh=00_AQJjTmmINacwWoVPP5QqpRqkFj2mz_OJxyESjaNnK9DYqQ&amp;oe=6A9B3483&quot;,&quot;640&quot;:&quot;https:\\\/\\\/scontent-gru1-2.cdninstagram.com\\\/v\\\/t51.82787-15\\\/758029069_18103013633587527_8409801237930970958_n.jpg?stp=dst-jpg_e35_tt6&amp;_nc_cat=100&amp;ccb=7-5&amp;_nc_sid=18de74&amp;efg=eyJlZmdfdGFnIjoiQ0xJUFMuYmVzdF9pbWFnZV91cmxnZW4uQzMifQ%3D%3D&amp;_nc_ohc=05QTNOg1IOoQ7kNvwFnKMBs&amp;_nc_oc=AdoRiB3-oMhzx0V5bZMhmhppdrCl2Y4rJWdpxGZ0tg3sEYnxeoV7YKgbrOxcIdILUMtDaupm1RANZOLpSdJU30BI&amp;_nc_zt=23&amp;_nc_ht=scontent-gru1-2.cdninstagram.com&amp;edm=ANo9K5cEAAAA&amp;_nc_gid=N4PXuXoRJET_ElG-3_rm8g&amp;_nc_tpa=Q5bMBQKrSXUvPzSq3WEvvwoDJEKkLC-sezFE82EkOzFH-CoWEh5BMQx42jRKv3IeG4aAlrcEF-lwp-ryXg&amp;oh=00_AQJjTmmINacwWoVPP5QqpRqkFj2mz_OJxyESjaNnK9DYqQ&amp;oe=6A9B3483&quot;}\">\n\t\t\t<span class=\"sbi-screenreader\">\ud83c\udf1fLas voces de quienes vivieron el pasado PROEDUCAR<\/span>\n\t\t\t\t\t\t<svg style=\"color: rgba(255,255,255,1)\" class=\"svg-inline--fa fa-play fa-w-14 sbi_playbtn\" aria-label=\"Play\" aria-hidden=\"true\" data-fa-processed=\"\" data-prefix=\"fa\" data-icon=\"play\" role=\"presentation\" xmlns=\"http:\/\/www.w3.org\/2000\/svg\" viewBox=\"0 0 448 512\"><path fill=\"currentColor\" d=\"M424.4 214.7L72.4 6.6C43.8-10.3 0 6.1 0 47.9V464c0 37.5 40.7 60.1 72.4 41.3l352-208c31.4-18.5 31.5-64.1 0-82.6z\"><\/path><\/svg>\t\t\t<img decoding=\"async\" src=\"https:\/\/audec.edu.uy\/wp-content\/plugins\/instagram-feed\/img\/placeholder.png\" alt=\"\ud83c\udf1fLas voces de quienes vivieron el pasado PROEDUCAR 2026 son el mejor reflejo de una comunidad que prioriza el cuidado.\n\n\ud83c\udf1fGracias a cada uno de los equipos de gesti\u00f3n que fueron parte de nuestro cl\u00e1sico evento. Juntos seguimos fortaleciendo el liderazgo, compartiendo aprendizajes y construyendo una Educaci\u00f3n Cat\u00f3lica con fe en el futuro.\n\n-\n-\n-\n-\" aria-hidden=\"true\">\n\t\t<\/a>\n\t<\/div>\n<\/div><div class=\"sbi_item sbi_type_video sbi_new sbi_transition\" role=\"listitem\"\n\tid=\"sbi_17919204180194030\" data-date=\"1784927972\">\n\t<div class=\"sbi_photo_wrap\">\n\t\t<a class=\"sbi_photo\" href=\"https:\/\/www.instagram.com\/reel\/DbML3mOIrRs\/\" target=\"_blank\" rel=\"noopener nofollow\"\n\t\t\tdata-full-res=\"https:\/\/scontent-gru1-1.cdninstagram.com\/v\/t51.82787-15\/755033452_18102429758587527_464902616652781958_n.jpg?stp=dst-jpg_e35_tt6&#038;_nc_cat=110&#038;ccb=7-5&#038;_nc_sid=18de74&#038;efg=eyJlZmdfdGFnIjoiQ0xJUFMuYmVzdF9pbWFnZV91cmxnZW4uQzMifQ%3D%3D&#038;_nc_ohc=chPUu9VaiPoQ7kNvwEW-VTW&#038;_nc_oc=AdrgPeCDIxjUNjJj7QnK9P6McMg2f-TgVRuUYYf6Z-xHfmjsfG4my_RupfiY418mwP3LSRqgxgBD4qeocmvPnjDh&#038;_nc_zt=23&#038;_nc_ht=scontent-gru1-1.cdninstagram.com&#038;edm=ANo9K5cEAAAA&#038;_nc_gid=N4PXuXoRJET_ElG-3_rm8g&#038;_nc_tpa=Q5bMBQKNo8CpTakhLROsaSz18SVAEmEHs-I8_X_GDxHTfaTyTlABk-dxz6SRWYGlR6nGXMldpPqDpBYiSA&#038;oh=00_AQItqMZIdEUkOmxD1gso4HYBXxPeHky9om4kZJc4JganMw&#038;oe=6A9B361E\"\n\t\t\tdata-img-src-set=\"{&quot;d&quot;:&quot;https:\\\/\\\/scontent-gru1-1.cdninstagram.com\\\/v\\\/t51.82787-15\\\/755033452_18102429758587527_464902616652781958_n.jpg?stp=dst-jpg_e35_tt6&amp;_nc_cat=110&amp;ccb=7-5&amp;_nc_sid=18de74&amp;efg=eyJlZmdfdGFnIjoiQ0xJUFMuYmVzdF9pbWFnZV91cmxnZW4uQzMifQ%3D%3D&amp;_nc_ohc=chPUu9VaiPoQ7kNvwEW-VTW&amp;_nc_oc=AdrgPeCDIxjUNjJj7QnK9P6McMg2f-TgVRuUYYf6Z-xHfmjsfG4my_RupfiY418mwP3LSRqgxgBD4qeocmvPnjDh&amp;_nc_zt=23&amp;_nc_ht=scontent-gru1-1.cdninstagram.com&amp;edm=ANo9K5cEAAAA&amp;_nc_gid=N4PXuXoRJET_ElG-3_rm8g&amp;_nc_tpa=Q5bMBQKNo8CpTakhLROsaSz18SVAEmEHs-I8_X_GDxHTfaTyTlABk-dxz6SRWYGlR6nGXMldpPqDpBYiSA&amp;oh=00_AQItqMZIdEUkOmxD1gso4HYBXxPeHky9om4kZJc4JganMw&amp;oe=6A9B361E&quot;,&quot;150&quot;:&quot;https:\\\/\\\/scontent-gru1-1.cdninstagram.com\\\/v\\\/t51.82787-15\\\/755033452_18102429758587527_464902616652781958_n.jpg?stp=dst-jpg_e35_tt6&amp;_nc_cat=110&amp;ccb=7-5&amp;_nc_sid=18de74&amp;efg=eyJlZmdfdGFnIjoiQ0xJUFMuYmVzdF9pbWFnZV91cmxnZW4uQzMifQ%3D%3D&amp;_nc_ohc=chPUu9VaiPoQ7kNvwEW-VTW&amp;_nc_oc=AdrgPeCDIxjUNjJj7QnK9P6McMg2f-TgVRuUYYf6Z-xHfmjsfG4my_RupfiY418mwP3LSRqgxgBD4qeocmvPnjDh&amp;_nc_zt=23&amp;_nc_ht=scontent-gru1-1.cdninstagram.com&amp;edm=ANo9K5cEAAAA&amp;_nc_gid=N4PXuXoRJET_ElG-3_rm8g&amp;_nc_tpa=Q5bMBQKNo8CpTakhLROsaSz18SVAEmEHs-I8_X_GDxHTfaTyTlABk-dxz6SRWYGlR6nGXMldpPqDpBYiSA&amp;oh=00_AQItqMZIdEUkOmxD1gso4HYBXxPeHky9om4kZJc4JganMw&amp;oe=6A9B361E&quot;,&quot;320&quot;:&quot;https:\\\/\\\/scontent-gru1-1.cdninstagram.com\\\/v\\\/t51.82787-15\\\/755033452_18102429758587527_464902616652781958_n.jpg?stp=dst-jpg_e35_tt6&amp;_nc_cat=110&amp;ccb=7-5&amp;_nc_sid=18de74&amp;efg=eyJlZmdfdGFnIjoiQ0xJUFMuYmVzdF9pbWFnZV91cmxnZW4uQzMifQ%3D%3D&amp;_nc_ohc=chPUu9VaiPoQ7kNvwEW-VTW&amp;_nc_oc=AdrgPeCDIxjUNjJj7QnK9P6McMg2f-TgVRuUYYf6Z-xHfmjsfG4my_RupfiY418mwP3LSRqgxgBD4qeocmvPnjDh&amp;_nc_zt=23&amp;_nc_ht=scontent-gru1-1.cdninstagram.com&amp;edm=ANo9K5cEAAAA&amp;_nc_gid=N4PXuXoRJET_ElG-3_rm8g&amp;_nc_tpa=Q5bMBQKNo8CpTakhLROsaSz18SVAEmEHs-I8_X_GDxHTfaTyTlABk-dxz6SRWYGlR6nGXMldpPqDpBYiSA&amp;oh=00_AQItqMZIdEUkOmxD1gso4HYBXxPeHky9om4kZJc4JganMw&amp;oe=6A9B361E&quot;,&quot;640&quot;:&quot;https:\\\/\\\/scontent-gru1-1.cdninstagram.com\\\/v\\\/t51.82787-15\\\/755033452_18102429758587527_464902616652781958_n.jpg?stp=dst-jpg_e35_tt6&amp;_nc_cat=110&amp;ccb=7-5&amp;_nc_sid=18de74&amp;efg=eyJlZmdfdGFnIjoiQ0xJUFMuYmVzdF9pbWFnZV91cmxnZW4uQzMifQ%3D%3D&amp;_nc_ohc=chPUu9VaiPoQ7kNvwEW-VTW&amp;_nc_oc=AdrgPeCDIxjUNjJj7QnK9P6McMg2f-TgVRuUYYf6Z-xHfmjsfG4my_RupfiY418mwP3LSRqgxgBD4qeocmvPnjDh&amp;_nc_zt=23&amp;_nc_ht=scontent-gru1-1.cdninstagram.com&amp;edm=ANo9K5cEAAAA&amp;_nc_gid=N4PXuXoRJET_ElG-3_rm8g&amp;_nc_tpa=Q5bMBQKNo8CpTakhLROsaSz18SVAEmEHs-I8_X_GDxHTfaTyTlABk-dxz6SRWYGlR6nGXMldpPqDpBYiSA&amp;oh=00_AQItqMZIdEUkOmxD1gso4HYBXxPeHky9om4kZJc4JganMw&amp;oe=6A9B361E&quot;}\">\n\t\t\t<span class=\"sbi-screenreader\">\ud83d\udcddM\u00e1s de 200 educadores nos encontramos en una jorn<\/span>\n\t\t\t\t\t\t<svg style=\"color: rgba(255,255,255,1)\" class=\"svg-inline--fa fa-play fa-w-14 sbi_playbtn\" aria-label=\"Play\" aria-hidden=\"true\" data-fa-processed=\"\" data-prefix=\"fa\" data-icon=\"play\" role=\"presentation\" xmlns=\"http:\/\/www.w3.org\/2000\/svg\" viewBox=\"0 0 448 512\"><path fill=\"currentColor\" d=\"M424.4 214.7L72.4 6.6C43.8-10.3 0 6.1 0 47.9V464c0 37.5 40.7 60.1 72.4 41.3l352-208c31.4-18.5 31.5-64.1 0-82.6z\"><\/path><\/svg>\t\t\t<img decoding=\"async\" src=\"https:\/\/audec.edu.uy\/wp-content\/plugins\/instagram-feed\/img\/placeholder.png\" alt=\"\ud83d\udcddM\u00e1s de 200 educadores nos encontramos en una jornada para compartir experiencias, reflexiones y herramientas que hoy siguen inspirando nuestras comunidades educativas. \ud83d\udc99\n\n\ud83e\udec2En PROEDUCAR 2026 reafirmamos nuestro compromiso de acompa\u00f1amiento y cuidado, al tiempo que seguimos construyendo juntos una educaci\u00f3n que pone a la persona en el centro.\n\n-\n-\n@caritasuruguaya @fazendauruguayoficial @iglesiauy @cindy_mels @creativosdigitales_colegios @ucuoficial @unicefuruguay @marcelacarballo @salesianosuy @florencia.gabutti \n\n\u27a1\ufe0fApoyaron este evento: @ucuoficial @creativosdigitales_colegios @binomio.comunicacionuy @acadeu_oficial @viewsoniclatam @grupocapita @sciencebits @infantozzimateriales @globalimg @plusultra.ricoh\" aria-hidden=\"true\">\n\t\t<\/a>\n\t<\/div>\n<\/div><div class=\"sbi_item sbi_type_carousel sbi_new sbi_transition\" role=\"listitem\"\n\tid=\"sbi_18335405320270013\" data-date=\"1783036820\">\n\t<div class=\"sbi_photo_wrap\">\n\t\t<a class=\"sbi_photo\" href=\"https:\/\/www.instagram.com\/p\/DaT1FLrCBxg\/\" target=\"_blank\" rel=\"noopener nofollow\"\n\t\t\tdata-full-res=\"https:\/\/scontent-gru2-2.cdninstagram.com\/v\/t39.30808-6\/735178833_1645829087504729_149060414945360329_n.jpg?stp=dst-jpg_e35_tt6&#038;_nc_cat=106&#038;ccb=7-5&#038;_nc_sid=18de74&#038;efg=eyJlZmdfdGFnIjoiQ0FST1VTRUxfSVRFTS5iZXN0X2ltYWdlX3VybGdlbi5DMyJ9&#038;_nc_ohc=nuEfKquBViYQ7kNvwFfd25s&#038;_nc_oc=Adrcm4uFtpnp2DuLkZhvtwOevNr4jz_o92RfYENF28bQ09eYP_SEEOUb0XudsSbrbYEq5GStEuZKQRwCBfrF7Xsl&#038;_nc_zt=23&#038;_nc_ht=scontent-gru2-2.cdninstagram.com&#038;edm=ANo9K5cEAAAA&#038;_nc_gid=N4PXuXoRJET_ElG-3_rm8g&#038;_nc_tpa=Q5bMBQKpWLCFeakGlsCSCNtBm-C2uXYhwc5sH37y9v2E5TVN-pp72DyivjUvGYOXjUqPGa9w-mP8gOQn4g&#038;oh=00_AQIF6jJ5tvyn8XUhMsA3DDHtj2fESA4nNN1nv1lMBtUczg&#038;oe=6A9B4AF6\"\n\t\t\tdata-img-src-set=\"{&quot;d&quot;:&quot;https:\\\/\\\/scontent-gru2-2.cdninstagram.com\\\/v\\\/t39.30808-6\\\/735178833_1645829087504729_149060414945360329_n.jpg?stp=dst-jpg_e35_tt6&amp;_nc_cat=106&amp;ccb=7-5&amp;_nc_sid=18de74&amp;efg=eyJlZmdfdGFnIjoiQ0FST1VTRUxfSVRFTS5iZXN0X2ltYWdlX3VybGdlbi5DMyJ9&amp;_nc_ohc=nuEfKquBViYQ7kNvwFfd25s&amp;_nc_oc=Adrcm4uFtpnp2DuLkZhvtwOevNr4jz_o92RfYENF28bQ09eYP_SEEOUb0XudsSbrbYEq5GStEuZKQRwCBfrF7Xsl&amp;_nc_zt=23&amp;_nc_ht=scontent-gru2-2.cdninstagram.com&amp;edm=ANo9K5cEAAAA&amp;_nc_gid=N4PXuXoRJET_ElG-3_rm8g&amp;_nc_tpa=Q5bMBQKpWLCFeakGlsCSCNtBm-C2uXYhwc5sH37y9v2E5TVN-pp72DyivjUvGYOXjUqPGa9w-mP8gOQn4g&amp;oh=00_AQIF6jJ5tvyn8XUhMsA3DDHtj2fESA4nNN1nv1lMBtUczg&amp;oe=6A9B4AF6&quot;,&quot;150&quot;:&quot;https:\\\/\\\/scontent-gru2-2.cdninstagram.com\\\/v\\\/t39.30808-6\\\/735178833_1645829087504729_149060414945360329_n.jpg?stp=dst-jpg_e35_tt6&amp;_nc_cat=106&amp;ccb=7-5&amp;_nc_sid=18de74&amp;efg=eyJlZmdfdGFnIjoiQ0FST1VTRUxfSVRFTS5iZXN0X2ltYWdlX3VybGdlbi5DMyJ9&amp;_nc_ohc=nuEfKquBViYQ7kNvwFfd25s&amp;_nc_oc=Adrcm4uFtpnp2DuLkZhvtwOevNr4jz_o92RfYENF28bQ09eYP_SEEOUb0XudsSbrbYEq5GStEuZKQRwCBfrF7Xsl&amp;_nc_zt=23&amp;_nc_ht=scontent-gru2-2.cdninstagram.com&amp;edm=ANo9K5cEAAAA&amp;_nc_gid=N4PXuXoRJET_ElG-3_rm8g&amp;_nc_tpa=Q5bMBQKpWLCFeakGlsCSCNtBm-C2uXYhwc5sH37y9v2E5TVN-pp72DyivjUvGYOXjUqPGa9w-mP8gOQn4g&amp;oh=00_AQIF6jJ5tvyn8XUhMsA3DDHtj2fESA4nNN1nv1lMBtUczg&amp;oe=6A9B4AF6&quot;,&quot;320&quot;:&quot;https:\\\/\\\/scontent-gru2-2.cdninstagram.com\\\/v\\\/t39.30808-6\\\/735178833_1645829087504729_149060414945360329_n.jpg?stp=dst-jpg_e35_tt6&amp;_nc_cat=106&amp;ccb=7-5&amp;_nc_sid=18de74&amp;efg=eyJlZmdfdGFnIjoiQ0FST1VTRUxfSVRFTS5iZXN0X2ltYWdlX3VybGdlbi5DMyJ9&amp;_nc_ohc=nuEfKquBViYQ7kNvwFfd25s&amp;_nc_oc=Adrcm4uFtpnp2DuLkZhvtwOevNr4jz_o92RfYENF28bQ09eYP_SEEOUb0XudsSbrbYEq5GStEuZKQRwCBfrF7Xsl&amp;_nc_zt=23&amp;_nc_ht=scontent-gru2-2.cdninstagram.com&amp;edm=ANo9K5cEAAAA&amp;_nc_gid=N4PXuXoRJET_ElG-3_rm8g&amp;_nc_tpa=Q5bMBQKpWLCFeakGlsCSCNtBm-C2uXYhwc5sH37y9v2E5TVN-pp72DyivjUvGYOXjUqPGa9w-mP8gOQn4g&amp;oh=00_AQIF6jJ5tvyn8XUhMsA3DDHtj2fESA4nNN1nv1lMBtUczg&amp;oe=6A9B4AF6&quot;,&quot;640&quot;:&quot;https:\\\/\\\/scontent-gru2-2.cdninstagram.com\\\/v\\\/t39.30808-6\\\/735178833_1645829087504729_149060414945360329_n.jpg?stp=dst-jpg_e35_tt6&amp;_nc_cat=106&amp;ccb=7-5&amp;_nc_sid=18de74&amp;efg=eyJlZmdfdGFnIjoiQ0FST1VTRUxfSVRFTS5iZXN0X2ltYWdlX3VybGdlbi5DMyJ9&amp;_nc_ohc=nuEfKquBViYQ7kNvwFfd25s&amp;_nc_oc=Adrcm4uFtpnp2DuLkZhvtwOevNr4jz_o92RfYENF28bQ09eYP_SEEOUb0XudsSbrbYEq5GStEuZKQRwCBfrF7Xsl&amp;_nc_zt=23&amp;_nc_ht=scontent-gru2-2.cdninstagram.com&amp;edm=ANo9K5cEAAAA&amp;_nc_gid=N4PXuXoRJET_ElG-3_rm8g&amp;_nc_tpa=Q5bMBQKpWLCFeakGlsCSCNtBm-C2uXYhwc5sH37y9v2E5TVN-pp72DyivjUvGYOXjUqPGa9w-mP8gOQn4g&amp;oh=00_AQIF6jJ5tvyn8XUhMsA3DDHtj2fESA4nNN1nv1lMBtUczg&amp;oe=6A9B4AF6&quot;}\">\n\t\t\t<span class=\"sbi-screenreader\">\ud83c\udf1f\u00bfC\u00f3mo acompa\u00f1ar las fragilidades que atraviesan h<\/span>\n\t\t\t<svg class=\"svg-inline--fa fa-clone fa-w-16 sbi_lightbox_carousel_icon\" aria-hidden=\"true\" aria-label=\"Clone\" data-fa-pro\u0192cessed=\"\" data-prefix=\"far\" data-icon=\"clone\" role=\"img\" xmlns=\"http:\/\/www.w3.org\/2000\/svg\" viewBox=\"0 0 512 512\">\n                    <path fill=\"currentColor\" d=\"M464 0H144c-26.51 0-48 21.49-48 48v48H48c-26.51 0-48 21.49-48 48v320c0 26.51 21.49 48 48 48h320c26.51 0 48-21.49 48-48v-48h48c26.51 0 48-21.49 48-48V48c0-26.51-21.49-48-48-48zM362 464H54a6 6 0 0 1-6-6V150a6 6 0 0 1 6-6h42v224c0 26.51 21.49 48 48 48h224v42a6 6 0 0 1-6 6zm96-96H150a6 6 0 0 1-6-6V54a6 6 0 0 1 6-6h308a6 6 0 0 1 6 6v308a6 6 0 0 1-6 6z\"><\/path>\n                <\/svg>\t\t\t\t\t\t<img decoding=\"async\" src=\"https:\/\/audec.edu.uy\/wp-content\/plugins\/instagram-feed\/img\/placeholder.png\" alt=\"\ud83c\udf1f\u00bfC\u00f3mo acompa\u00f1ar las fragilidades que atraviesan hoy a nuestras comunidades educativas? \n\n\u2764 La prevenci\u00f3n, las adicciones y la esperanza ser\u00e1n el eje de una mesa redonda que reunir\u00e1 a referentes con amplia experiencia para ofrecer una mirada integral desde la educaci\u00f3n en clave pastoral.\n\nUn nuevo Proeducar se acerca y no te pod\u00e9s quedar afuera.  Sumate ahora en www.audec.org\n\n\u26a0\ufe0f Cupos limitados.\n\n-\n-\n#audec #prevencion #educar #obras #colegios @caritasuruguaya @iglesiauy @fazendauruguayoficial\" aria-hidden=\"true\">\n\t\t<\/a>\n\t<\/div>\n<\/div><div class=\"sbi_item sbi_type_carousel sbi_new sbi_transition\" role=\"listitem\"\n\tid=\"sbi_18092034962056710\" data-date=\"1782767709\">\n\t<div class=\"sbi_photo_wrap\">\n\t\t<a class=\"sbi_photo\" href=\"https:\/\/www.instagram.com\/p\/DaLzyoXDTUs\/\" target=\"_blank\" rel=\"noopener nofollow\"\n\t\t\tdata-full-res=\"https:\/\/scontent-gru2-1.cdninstagram.com\/v\/t39.30808-6\/733771317_1643820991038872_6668634183695280786_n.jpg?stp=dst-jpg_e35_tt6&#038;_nc_cat=109&#038;ccb=7-5&#038;_nc_sid=18de74&#038;efg=eyJlZmdfdGFnIjoiQ0FST1VTRUxfSVRFTS5iZXN0X2ltYWdlX3VybGdlbi5DMyJ9&#038;_nc_ohc=JsE0mBUK8KQQ7kNvwEyqamq&#038;_nc_oc=AdrooYDDOOAfJ8NLGSQ9od9B_fNh9TJyjC0HHQ_jRKLqZRHaC2Rfha5Z0NF1bKi48khZUahdXnM4DqMDVliV2job&#038;_nc_zt=23&#038;_nc_ht=scontent-gru2-1.cdninstagram.com&#038;edm=ANo9K5cEAAAA&#038;_nc_gid=N4PXuXoRJET_ElG-3_rm8g&#038;_nc_tpa=Q5bMBQIOwV4JgsY4YvxYENcS5_Gm3EXyHP_1J3fWFXJihG0HIL8sTHv-G3Xo6qHJZ97KcOADoM_oK9dirQ&#038;oh=00_AQLf43dFv9-Tyhnq23tKdXtWH25SXmVS6CBjkW9_1tAmVg&#038;oe=6A9B1DB8\"\n\t\t\tdata-img-src-set=\"{&quot;d&quot;:&quot;https:\\\/\\\/scontent-gru2-1.cdninstagram.com\\\/v\\\/t39.30808-6\\\/733771317_1643820991038872_6668634183695280786_n.jpg?stp=dst-jpg_e35_tt6&amp;_nc_cat=109&amp;ccb=7-5&amp;_nc_sid=18de74&amp;efg=eyJlZmdfdGFnIjoiQ0FST1VTRUxfSVRFTS5iZXN0X2ltYWdlX3VybGdlbi5DMyJ9&amp;_nc_ohc=JsE0mBUK8KQQ7kNvwEyqamq&amp;_nc_oc=AdrooYDDOOAfJ8NLGSQ9od9B_fNh9TJyjC0HHQ_jRKLqZRHaC2Rfha5Z0NF1bKi48khZUahdXnM4DqMDVliV2job&amp;_nc_zt=23&amp;_nc_ht=scontent-gru2-1.cdninstagram.com&amp;edm=ANo9K5cEAAAA&amp;_nc_gid=N4PXuXoRJET_ElG-3_rm8g&amp;_nc_tpa=Q5bMBQIOwV4JgsY4YvxYENcS5_Gm3EXyHP_1J3fWFXJihG0HIL8sTHv-G3Xo6qHJZ97KcOADoM_oK9dirQ&amp;oh=00_AQLf43dFv9-Tyhnq23tKdXtWH25SXmVS6CBjkW9_1tAmVg&amp;oe=6A9B1DB8&quot;,&quot;150&quot;:&quot;https:\\\/\\\/scontent-gru2-1.cdninstagram.com\\\/v\\\/t39.30808-6\\\/733771317_1643820991038872_6668634183695280786_n.jpg?stp=dst-jpg_e35_tt6&amp;_nc_cat=109&amp;ccb=7-5&amp;_nc_sid=18de74&amp;efg=eyJlZmdfdGFnIjoiQ0FST1VTRUxfSVRFTS5iZXN0X2ltYWdlX3VybGdlbi5DMyJ9&amp;_nc_ohc=JsE0mBUK8KQQ7kNvwEyqamq&amp;_nc_oc=AdrooYDDOOAfJ8NLGSQ9od9B_fNh9TJyjC0HHQ_jRKLqZRHaC2Rfha5Z0NF1bKi48khZUahdXnM4DqMDVliV2job&amp;_nc_zt=23&amp;_nc_ht=scontent-gru2-1.cdninstagram.com&amp;edm=ANo9K5cEAAAA&amp;_nc_gid=N4PXuXoRJET_ElG-3_rm8g&amp;_nc_tpa=Q5bMBQIOwV4JgsY4YvxYENcS5_Gm3EXyHP_1J3fWFXJihG0HIL8sTHv-G3Xo6qHJZ97KcOADoM_oK9dirQ&amp;oh=00_AQLf43dFv9-Tyhnq23tKdXtWH25SXmVS6CBjkW9_1tAmVg&amp;oe=6A9B1DB8&quot;,&quot;320&quot;:&quot;https:\\\/\\\/scontent-gru2-1.cdninstagram.com\\\/v\\\/t39.30808-6\\\/733771317_1643820991038872_6668634183695280786_n.jpg?stp=dst-jpg_e35_tt6&amp;_nc_cat=109&amp;ccb=7-5&amp;_nc_sid=18de74&amp;efg=eyJlZmdfdGFnIjoiQ0FST1VTRUxfSVRFTS5iZXN0X2ltYWdlX3VybGdlbi5DMyJ9&amp;_nc_ohc=JsE0mBUK8KQQ7kNvwEyqamq&amp;_nc_oc=AdrooYDDOOAfJ8NLGSQ9od9B_fNh9TJyjC0HHQ_jRKLqZRHaC2Rfha5Z0NF1bKi48khZUahdXnM4DqMDVliV2job&amp;_nc_zt=23&amp;_nc_ht=scontent-gru2-1.cdninstagram.com&amp;edm=ANo9K5cEAAAA&amp;_nc_gid=N4PXuXoRJET_ElG-3_rm8g&amp;_nc_tpa=Q5bMBQIOwV4JgsY4YvxYENcS5_Gm3EXyHP_1J3fWFXJihG0HIL8sTHv-G3Xo6qHJZ97KcOADoM_oK9dirQ&amp;oh=00_AQLf43dFv9-Tyhnq23tKdXtWH25SXmVS6CBjkW9_1tAmVg&amp;oe=6A9B1DB8&quot;,&quot;640&quot;:&quot;https:\\\/\\\/scontent-gru2-1.cdninstagram.com\\\/v\\\/t39.30808-6\\\/733771317_1643820991038872_6668634183695280786_n.jpg?stp=dst-jpg_e35_tt6&amp;_nc_cat=109&amp;ccb=7-5&amp;_nc_sid=18de74&amp;efg=eyJlZmdfdGFnIjoiQ0FST1VTRUxfSVRFTS5iZXN0X2ltYWdlX3VybGdlbi5DMyJ9&amp;_nc_ohc=JsE0mBUK8KQQ7kNvwEyqamq&amp;_nc_oc=AdrooYDDOOAfJ8NLGSQ9od9B_fNh9TJyjC0HHQ_jRKLqZRHaC2Rfha5Z0NF1bKi48khZUahdXnM4DqMDVliV2job&amp;_nc_zt=23&amp;_nc_ht=scontent-gru2-1.cdninstagram.com&amp;edm=ANo9K5cEAAAA&amp;_nc_gid=N4PXuXoRJET_ElG-3_rm8g&amp;_nc_tpa=Q5bMBQIOwV4JgsY4YvxYENcS5_Gm3EXyHP_1J3fWFXJihG0HIL8sTHv-G3Xo6qHJZ97KcOADoM_oK9dirQ&amp;oh=00_AQLf43dFv9-Tyhnq23tKdXtWH25SXmVS6CBjkW9_1tAmVg&amp;oe=6A9B1DB8&quot;}\">\n\t\t\t<span class=\"sbi-screenreader\">\ud83c\udf93 \u00bfSos directivo, coordinador o form\u00e1s parte de un<\/span>\n\t\t\t<svg class=\"svg-inline--fa fa-clone fa-w-16 sbi_lightbox_carousel_icon\" aria-hidden=\"true\" aria-label=\"Clone\" data-fa-pro\u0192cessed=\"\" data-prefix=\"far\" data-icon=\"clone\" role=\"img\" xmlns=\"http:\/\/www.w3.org\/2000\/svg\" viewBox=\"0 0 512 512\">\n                    <path fill=\"currentColor\" d=\"M464 0H144c-26.51 0-48 21.49-48 48v48H48c-26.51 0-48 21.49-48 48v320c0 26.51 21.49 48 48 48h320c26.51 0 48-21.49 48-48v-48h48c26.51 0 48-21.49 48-48V48c0-26.51-21.49-48-48-48zM362 464H54a6 6 0 0 1-6-6V150a6 6 0 0 1 6-6h42v224c0 26.51 21.49 48 48 48h224v42a6 6 0 0 1-6 6zm96-96H150a6 6 0 0 1-6-6V54a6 6 0 0 1 6-6h308a6 6 0 0 1 6 6v308a6 6 0 0 1-6 6z\"><\/path>\n                <\/svg>\t\t\t\t\t\t<img decoding=\"async\" src=\"https:\/\/audec.edu.uy\/wp-content\/plugins\/instagram-feed\/img\/placeholder.png\" alt=\"\ud83c\udf93 \u00bfSos directivo, coordinador o form\u00e1s parte de un equipo de gesti\u00f3n de una obra social o de un colegio? \u00a1Entonces no pod\u00e9s perderte este PROEDUCAR!\nUna invitaci\u00f3n a comprender el cuidado como una dimensi\u00f3n esencial de la gesti\u00f3n educativa.\n\u2705 Confirm\u00e1 tu inscripci\u00f3n ahora y asegur\u00e1 tu lugar: www.audec.org\n\u23f3 \u00a1Cupos limitados!\n\n-\n-\" aria-hidden=\"true\">\n\t\t<\/a>\n\t<\/div>\n<\/div><div class=\"sbi_item sbi_type_carousel sbi_new sbi_transition\" role=\"listitem\"\n\tid=\"sbi_17887329762583557\" data-date=\"1782335115\">\n\t<div class=\"sbi_photo_wrap\">\n\t\t<a class=\"sbi_photo\" href=\"https:\/\/www.instagram.com\/p\/DZ-6rwMirU0\/\" target=\"_blank\" rel=\"noopener nofollow\"\n\t\t\tdata-full-res=\"https:\/\/scontent-gru1-2.cdninstagram.com\/v\/t39.30808-6\/731710715_1639119494842355_5273356005638676660_n.jpg?stp=dst-jpg_e35_tt6&#038;_nc_cat=108&#038;ccb=7-5&#038;_nc_sid=18de74&#038;efg=eyJlZmdfdGFnIjoiQ0FST1VTRUxfSVRFTS5iZXN0X2ltYWdlX3VybGdlbi5DMyJ9&#038;_nc_ohc=s6qArFVIkS8Q7kNvwHv6xDa&#038;_nc_oc=AdpbHBWIwlky581eKf_-QBECAjcAro6EaFx4AAvZWDu3L5wgYzl79hz88fm3zPlNxI7Z_g7-piNUhfNiwS3MQlAS&#038;_nc_zt=23&#038;_nc_ht=scontent-gru1-2.cdninstagram.com&#038;edm=ANo9K5cEAAAA&#038;_nc_gid=N4PXuXoRJET_ElG-3_rm8g&#038;_nc_tpa=Q5bMBQKLHnSWDB3ceGhlqHNUS6hzdDgc7sWgrcPU3LDQLZ5ZamaeNoIasqBnA3NM9rehn7C4g9PEpHtkkQ&#038;oh=00_AQKbpOAQwxLKTi1aXDIrF79CbkHiPd6mcwWd7cTxBxDA6Q&#038;oe=6A9B4154\"\n\t\t\tdata-img-src-set=\"{&quot;d&quot;:&quot;https:\\\/\\\/scontent-gru1-2.cdninstagram.com\\\/v\\\/t39.30808-6\\\/731710715_1639119494842355_5273356005638676660_n.jpg?stp=dst-jpg_e35_tt6&amp;_nc_cat=108&amp;ccb=7-5&amp;_nc_sid=18de74&amp;efg=eyJlZmdfdGFnIjoiQ0FST1VTRUxfSVRFTS5iZXN0X2ltYWdlX3VybGdlbi5DMyJ9&amp;_nc_ohc=s6qArFVIkS8Q7kNvwHv6xDa&amp;_nc_oc=AdpbHBWIwlky581eKf_-QBECAjcAro6EaFx4AAvZWDu3L5wgYzl79hz88fm3zPlNxI7Z_g7-piNUhfNiwS3MQlAS&amp;_nc_zt=23&amp;_nc_ht=scontent-gru1-2.cdninstagram.com&amp;edm=ANo9K5cEAAAA&amp;_nc_gid=N4PXuXoRJET_ElG-3_rm8g&amp;_nc_tpa=Q5bMBQKLHnSWDB3ceGhlqHNUS6hzdDgc7sWgrcPU3LDQLZ5ZamaeNoIasqBnA3NM9rehn7C4g9PEpHtkkQ&amp;oh=00_AQKbpOAQwxLKTi1aXDIrF79CbkHiPd6mcwWd7cTxBxDA6Q&amp;oe=6A9B4154&quot;,&quot;150&quot;:&quot;https:\\\/\\\/scontent-gru1-2.cdninstagram.com\\\/v\\\/t39.30808-6\\\/731710715_1639119494842355_5273356005638676660_n.jpg?stp=dst-jpg_e35_tt6&amp;_nc_cat=108&amp;ccb=7-5&amp;_nc_sid=18de74&amp;efg=eyJlZmdfdGFnIjoiQ0FST1VTRUxfSVRFTS5iZXN0X2ltYWdlX3VybGdlbi5DMyJ9&amp;_nc_ohc=s6qArFVIkS8Q7kNvwHv6xDa&amp;_nc_oc=AdpbHBWIwlky581eKf_-QBECAjcAro6EaFx4AAvZWDu3L5wgYzl79hz88fm3zPlNxI7Z_g7-piNUhfNiwS3MQlAS&amp;_nc_zt=23&amp;_nc_ht=scontent-gru1-2.cdninstagram.com&amp;edm=ANo9K5cEAAAA&amp;_nc_gid=N4PXuXoRJET_ElG-3_rm8g&amp;_nc_tpa=Q5bMBQKLHnSWDB3ceGhlqHNUS6hzdDgc7sWgrcPU3LDQLZ5ZamaeNoIasqBnA3NM9rehn7C4g9PEpHtkkQ&amp;oh=00_AQKbpOAQwxLKTi1aXDIrF79CbkHiPd6mcwWd7cTxBxDA6Q&amp;oe=6A9B4154&quot;,&quot;320&quot;:&quot;https:\\\/\\\/scontent-gru1-2.cdninstagram.com\\\/v\\\/t39.30808-6\\\/731710715_1639119494842355_5273356005638676660_n.jpg?stp=dst-jpg_e35_tt6&amp;_nc_cat=108&amp;ccb=7-5&amp;_nc_sid=18de74&amp;efg=eyJlZmdfdGFnIjoiQ0FST1VTRUxfSVRFTS5iZXN0X2ltYWdlX3VybGdlbi5DMyJ9&amp;_nc_ohc=s6qArFVIkS8Q7kNvwHv6xDa&amp;_nc_oc=AdpbHBWIwlky581eKf_-QBECAjcAro6EaFx4AAvZWDu3L5wgYzl79hz88fm3zPlNxI7Z_g7-piNUhfNiwS3MQlAS&amp;_nc_zt=23&amp;_nc_ht=scontent-gru1-2.cdninstagram.com&amp;edm=ANo9K5cEAAAA&amp;_nc_gid=N4PXuXoRJET_ElG-3_rm8g&amp;_nc_tpa=Q5bMBQKLHnSWDB3ceGhlqHNUS6hzdDgc7sWgrcPU3LDQLZ5ZamaeNoIasqBnA3NM9rehn7C4g9PEpHtkkQ&amp;oh=00_AQKbpOAQwxLKTi1aXDIrF79CbkHiPd6mcwWd7cTxBxDA6Q&amp;oe=6A9B4154&quot;,&quot;640&quot;:&quot;https:\\\/\\\/scontent-gru1-2.cdninstagram.com\\\/v\\\/t39.30808-6\\\/731710715_1639119494842355_5273356005638676660_n.jpg?stp=dst-jpg_e35_tt6&amp;_nc_cat=108&amp;ccb=7-5&amp;_nc_sid=18de74&amp;efg=eyJlZmdfdGFnIjoiQ0FST1VTRUxfSVRFTS5iZXN0X2ltYWdlX3VybGdlbi5DMyJ9&amp;_nc_ohc=s6qArFVIkS8Q7kNvwHv6xDa&amp;_nc_oc=AdpbHBWIwlky581eKf_-QBECAjcAro6EaFx4AAvZWDu3L5wgYzl79hz88fm3zPlNxI7Z_g7-piNUhfNiwS3MQlAS&amp;_nc_zt=23&amp;_nc_ht=scontent-gru1-2.cdninstagram.com&amp;edm=ANo9K5cEAAAA&amp;_nc_gid=N4PXuXoRJET_ElG-3_rm8g&amp;_nc_tpa=Q5bMBQKLHnSWDB3ceGhlqHNUS6hzdDgc7sWgrcPU3LDQLZ5ZamaeNoIasqBnA3NM9rehn7C4g9PEpHtkkQ&amp;oh=00_AQKbpOAQwxLKTi1aXDIrF79CbkHiPd6mcwWd7cTxBxDA6Q&amp;oe=6A9B4154&quot;}\">\n\t\t\t<span class=\"sbi-screenreader\">\ud83d\udcac La convivencia, la salud mental y el bienestar s<\/span>\n\t\t\t<svg class=\"svg-inline--fa fa-clone fa-w-16 sbi_lightbox_carousel_icon\" aria-hidden=\"true\" aria-label=\"Clone\" data-fa-pro\u0192cessed=\"\" data-prefix=\"far\" data-icon=\"clone\" role=\"img\" xmlns=\"http:\/\/www.w3.org\/2000\/svg\" viewBox=\"0 0 512 512\">\n                    <path fill=\"currentColor\" d=\"M464 0H144c-26.51 0-48 21.49-48 48v48H48c-26.51 0-48 21.49-48 48v320c0 26.51 21.49 48 48 48h320c26.51 0 48-21.49 48-48v-48h48c26.51 0 48-21.49 48-48V48c0-26.51-21.49-48-48-48zM362 464H54a6 6 0 0 1-6-6V150a6 6 0 0 1 6-6h42v224c0 26.51 21.49 48 48 48h224v42a6 6 0 0 1-6 6zm96-96H150a6 6 0 0 1-6-6V54a6 6 0 0 1 6-6h308a6 6 0 0 1 6 6v308a6 6 0 0 1-6 6z\"><\/path>\n                <\/svg>\t\t\t\t\t\t<img decoding=\"async\" src=\"https:\/\/audec.edu.uy\/wp-content\/plugins\/instagram-feed\/img\/placeholder.png\" alt=\"\ud83d\udcac La convivencia, la salud mental y el bienestar son parte de la agenda diaria de quienes lideran instituciones educativas. \n\n\ud83e\udd14 \u00bfC\u00f3mo responder a estos desaf\u00edos?  En este nuevo Proeducar seguimos aprendiendo juntos para construir comunidades que cuidan.\n\n\ud83d\udcc5 16 de julio\n\ud83d\udccd UCU\n\ud83d\udc65 Equipos de Gesti\u00f3n\n\n\u2705Asegur\u00e1 tu lugar en www.audec.org\" aria-hidden=\"true\">\n\t\t<\/a>\n\t<\/div>\n<\/div><div class=\"sbi_item sbi_type_image sbi_new sbi_transition\" role=\"listitem\"\n\tid=\"sbi_18602601349055955\" data-date=\"1781535067\">\n\t<div class=\"sbi_photo_wrap\">\n\t\t<a class=\"sbi_photo\" href=\"https:\/\/www.instagram.com\/p\/DZnEtlRE2iX\/\" target=\"_blank\" rel=\"noopener nofollow\"\n\t\t\tdata-full-res=\"https:\/\/scontent-gru2-1.cdninstagram.com\/v\/t39.30808-6\/720436048_1627695515984753_2076164562771057765_n.jpg?stp=dst-jpg_e35_tt6&#038;_nc_cat=107&#038;ccb=7-5&#038;_nc_sid=18de74&#038;efg=eyJlZmdfdGFnIjoiRkVFRC5iZXN0X2ltYWdlX3VybGdlbi5DMyJ9&#038;_nc_ohc=rPUfPub0yZEQ7kNvwHLmbAY&#038;_nc_oc=AdpKuzsNxX_6k0Y2wjG-_AI4yvxtYNQ1DCcYUyF0Kxd2_sYtX5HP-M-1fxHlyYOtnL2CC6G1m9BkziElcVVxX9UH&#038;_nc_zt=23&#038;_nc_ht=scontent-gru2-1.cdninstagram.com&#038;edm=ANo9K5cEAAAA&#038;_nc_gid=N4PXuXoRJET_ElG-3_rm8g&#038;_nc_tpa=Q5bMBQJRZSMs8aBW39rqDSTLrk1fvdNtM-Z_tGCJ04jHxxxYk3ZGbBXdL5HsaF8i7CYTxNU4uczBid9hZA&#038;oh=00_AQLVOqz8TLM2JS8_wsGmNXFh0UyCetYPormGGfY_7utxOg&#038;oe=6A9B4220\"\n\t\t\tdata-img-src-set=\"{&quot;d&quot;:&quot;https:\\\/\\\/scontent-gru2-1.cdninstagram.com\\\/v\\\/t39.30808-6\\\/720436048_1627695515984753_2076164562771057765_n.jpg?stp=dst-jpg_e35_tt6&amp;_nc_cat=107&amp;ccb=7-5&amp;_nc_sid=18de74&amp;efg=eyJlZmdfdGFnIjoiRkVFRC5iZXN0X2ltYWdlX3VybGdlbi5DMyJ9&amp;_nc_ohc=rPUfPub0yZEQ7kNvwHLmbAY&amp;_nc_oc=AdpKuzsNxX_6k0Y2wjG-_AI4yvxtYNQ1DCcYUyF0Kxd2_sYtX5HP-M-1fxHlyYOtnL2CC6G1m9BkziElcVVxX9UH&amp;_nc_zt=23&amp;_nc_ht=scontent-gru2-1.cdninstagram.com&amp;edm=ANo9K5cEAAAA&amp;_nc_gid=N4PXuXoRJET_ElG-3_rm8g&amp;_nc_tpa=Q5bMBQJRZSMs8aBW39rqDSTLrk1fvdNtM-Z_tGCJ04jHxxxYk3ZGbBXdL5HsaF8i7CYTxNU4uczBid9hZA&amp;oh=00_AQLVOqz8TLM2JS8_wsGmNXFh0UyCetYPormGGfY_7utxOg&amp;oe=6A9B4220&quot;,&quot;150&quot;:&quot;https:\\\/\\\/scontent-gru2-1.cdninstagram.com\\\/v\\\/t39.30808-6\\\/720436048_1627695515984753_2076164562771057765_n.jpg?stp=dst-jpg_e35_tt6&amp;_nc_cat=107&amp;ccb=7-5&amp;_nc_sid=18de74&amp;efg=eyJlZmdfdGFnIjoiRkVFRC5iZXN0X2ltYWdlX3VybGdlbi5DMyJ9&amp;_nc_ohc=rPUfPub0yZEQ7kNvwHLmbAY&amp;_nc_oc=AdpKuzsNxX_6k0Y2wjG-_AI4yvxtYNQ1DCcYUyF0Kxd2_sYtX5HP-M-1fxHlyYOtnL2CC6G1m9BkziElcVVxX9UH&amp;_nc_zt=23&amp;_nc_ht=scontent-gru2-1.cdninstagram.com&amp;edm=ANo9K5cEAAAA&amp;_nc_gid=N4PXuXoRJET_ElG-3_rm8g&amp;_nc_tpa=Q5bMBQJRZSMs8aBW39rqDSTLrk1fvdNtM-Z_tGCJ04jHxxxYk3ZGbBXdL5HsaF8i7CYTxNU4uczBid9hZA&amp;oh=00_AQLVOqz8TLM2JS8_wsGmNXFh0UyCetYPormGGfY_7utxOg&amp;oe=6A9B4220&quot;,&quot;320&quot;:&quot;https:\\\/\\\/scontent-gru2-1.cdninstagram.com\\\/v\\\/t39.30808-6\\\/720436048_1627695515984753_2076164562771057765_n.jpg?stp=dst-jpg_e35_tt6&amp;_nc_cat=107&amp;ccb=7-5&amp;_nc_sid=18de74&amp;efg=eyJlZmdfdGFnIjoiRkVFRC5iZXN0X2ltYWdlX3VybGdlbi5DMyJ9&amp;_nc_ohc=rPUfPub0yZEQ7kNvwHLmbAY&amp;_nc_oc=AdpKuzsNxX_6k0Y2wjG-_AI4yvxtYNQ1DCcYUyF0Kxd2_sYtX5HP-M-1fxHlyYOtnL2CC6G1m9BkziElcVVxX9UH&amp;_nc_zt=23&amp;_nc_ht=scontent-gru2-1.cdninstagram.com&amp;edm=ANo9K5cEAAAA&amp;_nc_gid=N4PXuXoRJET_ElG-3_rm8g&amp;_nc_tpa=Q5bMBQJRZSMs8aBW39rqDSTLrk1fvdNtM-Z_tGCJ04jHxxxYk3ZGbBXdL5HsaF8i7CYTxNU4uczBid9hZA&amp;oh=00_AQLVOqz8TLM2JS8_wsGmNXFh0UyCetYPormGGfY_7utxOg&amp;oe=6A9B4220&quot;,&quot;640&quot;:&quot;https:\\\/\\\/scontent-gru2-1.cdninstagram.com\\\/v\\\/t39.30808-6\\\/720436048_1627695515984753_2076164562771057765_n.jpg?stp=dst-jpg_e35_tt6&amp;_nc_cat=107&amp;ccb=7-5&amp;_nc_sid=18de74&amp;efg=eyJlZmdfdGFnIjoiRkVFRC5iZXN0X2ltYWdlX3VybGdlbi5DMyJ9&amp;_nc_ohc=rPUfPub0yZEQ7kNvwHLmbAY&amp;_nc_oc=AdpKuzsNxX_6k0Y2wjG-_AI4yvxtYNQ1DCcYUyF0Kxd2_sYtX5HP-M-1fxHlyYOtnL2CC6G1m9BkziElcVVxX9UH&amp;_nc_zt=23&amp;_nc_ht=scontent-gru2-1.cdninstagram.com&amp;edm=ANo9K5cEAAAA&amp;_nc_gid=N4PXuXoRJET_ElG-3_rm8g&amp;_nc_tpa=Q5bMBQJRZSMs8aBW39rqDSTLrk1fvdNtM-Z_tGCJ04jHxxxYk3ZGbBXdL5HsaF8i7CYTxNU4uczBid9hZA&amp;oh=00_AQLVOqz8TLM2JS8_wsGmNXFh0UyCetYPormGGfY_7utxOg&amp;oe=6A9B4220&quot;}\">\n\t\t\t<span class=\"sbi-screenreader\">\ud83d\udcddEn este D\u00eda Nacional del Trabajador de la Ense\u00f1an<\/span>\n\t\t\t\t\t\t\t\t\t<img decoding=\"async\" src=\"https:\/\/audec.edu.uy\/wp-content\/plugins\/instagram-feed\/img\/placeholder.png\" alt=\"\ud83d\udcddEn este D\u00eda Nacional del Trabajador de la Ense\u00f1anza Privada, celebramos a quienes hacen de la educaci\u00f3n una tarea cotidiana de encuentro, compromiso y cuidado. \n\u27a1\ufe0fValoramos esta declaraci\u00f3n como un reconocimiento al importante rol que desempe\u00f1amos en el Sistema Educativo Nacional. \u00a1Juntos construimos futuro!\n\n-\n-\n-\n-\" aria-hidden=\"true\">\n\t\t<\/a>\n\t<\/div>\n<\/div><div class=\"sbi_item sbi_type_video sbi_new sbi_transition\" role=\"listitem\"\n\tid=\"sbi_17946398811190604\" data-date=\"1779744440\">\n\t<div class=\"sbi_photo_wrap\">\n\t\t<a class=\"sbi_photo\" href=\"https:\/\/www.instagram.com\/reel\/DYxtE6zIBh1\/\" target=\"_blank\" rel=\"noopener nofollow\"\n\t\t\tdata-full-res=\"https:\/\/scontent-gru1-1.cdninstagram.com\/v\/t51.71878-15\/704824420_1268660181799009_6057397041135495139_n.jpg?stp=dst-jpg_e35_tt6&#038;_nc_cat=104&#038;ccb=7-5&#038;_nc_sid=18de74&#038;efg=eyJlZmdfdGFnIjoiQ0xJUFMuYmVzdF9pbWFnZV91cmxnZW4uQzMifQ%3D%3D&#038;_nc_ohc=7IqT08UBVkkQ7kNvwFfk1TR&#038;_nc_oc=AdrxjpChJN28oYzV8G4No7tgXSAchxnQlEGWebvslYwldzl8aklvnZxu6Esu1buztwY77VZYvpxlSg7bX-bOvqoq&#038;_nc_zt=23&#038;_nc_ht=scontent-gru1-1.cdninstagram.com&#038;edm=ANo9K5cEAAAA&#038;_nc_gid=N4PXuXoRJET_ElG-3_rm8g&#038;_nc_tpa=Q5bMBQIbwuaq9d6uAL0ZLssijMQnD3hSS5U0shFED3YlM9761feRNpHypo3lbJaWlJ1rZ0vhCeUlHRpAHw&#038;oh=00_AQLvQy8F2Yy_nNwEtjHb8PKCH1_MEKqKJsqT6Z5yb73JTQ&#038;oe=6A9B3D0D\"\n\t\t\tdata-img-src-set=\"{&quot;d&quot;:&quot;https:\\\/\\\/scontent-gru1-1.cdninstagram.com\\\/v\\\/t51.71878-15\\\/704824420_1268660181799009_6057397041135495139_n.jpg?stp=dst-jpg_e35_tt6&amp;_nc_cat=104&amp;ccb=7-5&amp;_nc_sid=18de74&amp;efg=eyJlZmdfdGFnIjoiQ0xJUFMuYmVzdF9pbWFnZV91cmxnZW4uQzMifQ%3D%3D&amp;_nc_ohc=7IqT08UBVkkQ7kNvwFfk1TR&amp;_nc_oc=AdrxjpChJN28oYzV8G4No7tgXSAchxnQlEGWebvslYwldzl8aklvnZxu6Esu1buztwY77VZYvpxlSg7bX-bOvqoq&amp;_nc_zt=23&amp;_nc_ht=scontent-gru1-1.cdninstagram.com&amp;edm=ANo9K5cEAAAA&amp;_nc_gid=N4PXuXoRJET_ElG-3_rm8g&amp;_nc_tpa=Q5bMBQIbwuaq9d6uAL0ZLssijMQnD3hSS5U0shFED3YlM9761feRNpHypo3lbJaWlJ1rZ0vhCeUlHRpAHw&amp;oh=00_AQLvQy8F2Yy_nNwEtjHb8PKCH1_MEKqKJsqT6Z5yb73JTQ&amp;oe=6A9B3D0D&quot;,&quot;150&quot;:&quot;https:\\\/\\\/scontent-gru1-1.cdninstagram.com\\\/v\\\/t51.71878-15\\\/704824420_1268660181799009_6057397041135495139_n.jpg?stp=dst-jpg_e35_tt6&amp;_nc_cat=104&amp;ccb=7-5&amp;_nc_sid=18de74&amp;efg=eyJlZmdfdGFnIjoiQ0xJUFMuYmVzdF9pbWFnZV91cmxnZW4uQzMifQ%3D%3D&amp;_nc_ohc=7IqT08UBVkkQ7kNvwFfk1TR&amp;_nc_oc=AdrxjpChJN28oYzV8G4No7tgXSAchxnQlEGWebvslYwldzl8aklvnZxu6Esu1buztwY77VZYvpxlSg7bX-bOvqoq&amp;_nc_zt=23&amp;_nc_ht=scontent-gru1-1.cdninstagram.com&amp;edm=ANo9K5cEAAAA&amp;_nc_gid=N4PXuXoRJET_ElG-3_rm8g&amp;_nc_tpa=Q5bMBQIbwuaq9d6uAL0ZLssijMQnD3hSS5U0shFED3YlM9761feRNpHypo3lbJaWlJ1rZ0vhCeUlHRpAHw&amp;oh=00_AQLvQy8F2Yy_nNwEtjHb8PKCH1_MEKqKJsqT6Z5yb73JTQ&amp;oe=6A9B3D0D&quot;,&quot;320&quot;:&quot;https:\\\/\\\/scontent-gru1-1.cdninstagram.com\\\/v\\\/t51.71878-15\\\/704824420_1268660181799009_6057397041135495139_n.jpg?stp=dst-jpg_e35_tt6&amp;_nc_cat=104&amp;ccb=7-5&amp;_nc_sid=18de74&amp;efg=eyJlZmdfdGFnIjoiQ0xJUFMuYmVzdF9pbWFnZV91cmxnZW4uQzMifQ%3D%3D&amp;_nc_ohc=7IqT08UBVkkQ7kNvwFfk1TR&amp;_nc_oc=AdrxjpChJN28oYzV8G4No7tgXSAchxnQlEGWebvslYwldzl8aklvnZxu6Esu1buztwY77VZYvpxlSg7bX-bOvqoq&amp;_nc_zt=23&amp;_nc_ht=scontent-gru1-1.cdninstagram.com&amp;edm=ANo9K5cEAAAA&amp;_nc_gid=N4PXuXoRJET_ElG-3_rm8g&amp;_nc_tpa=Q5bMBQIbwuaq9d6uAL0ZLssijMQnD3hSS5U0shFED3YlM9761feRNpHypo3lbJaWlJ1rZ0vhCeUlHRpAHw&amp;oh=00_AQLvQy8F2Yy_nNwEtjHb8PKCH1_MEKqKJsqT6Z5yb73JTQ&amp;oe=6A9B3D0D&quot;,&quot;640&quot;:&quot;https:\\\/\\\/scontent-gru1-1.cdninstagram.com\\\/v\\\/t51.71878-15\\\/704824420_1268660181799009_6057397041135495139_n.jpg?stp=dst-jpg_e35_tt6&amp;_nc_cat=104&amp;ccb=7-5&amp;_nc_sid=18de74&amp;efg=eyJlZmdfdGFnIjoiQ0xJUFMuYmVzdF9pbWFnZV91cmxnZW4uQzMifQ%3D%3D&amp;_nc_ohc=7IqT08UBVkkQ7kNvwFfk1TR&amp;_nc_oc=AdrxjpChJN28oYzV8G4No7tgXSAchxnQlEGWebvslYwldzl8aklvnZxu6Esu1buztwY77VZYvpxlSg7bX-bOvqoq&amp;_nc_zt=23&amp;_nc_ht=scontent-gru1-1.cdninstagram.com&amp;edm=ANo9K5cEAAAA&amp;_nc_gid=N4PXuXoRJET_ElG-3_rm8g&amp;_nc_tpa=Q5bMBQIbwuaq9d6uAL0ZLssijMQnD3hSS5U0shFED3YlM9761feRNpHypo3lbJaWlJ1rZ0vhCeUlHRpAHw&amp;oh=00_AQLvQy8F2Yy_nNwEtjHb8PKCH1_MEKqKJsqT6Z5yb73JTQ&amp;oe=6A9B3D0D&quot;}\">\n\t\t\t<span class=\"sbi-screenreader\">\ud83c\udf93 El rol del director como figura clave en la gest<\/span>\n\t\t\t\t\t\t<svg style=\"color: rgba(255,255,255,1)\" class=\"svg-inline--fa fa-play fa-w-14 sbi_playbtn\" aria-label=\"Play\" aria-hidden=\"true\" data-fa-processed=\"\" data-prefix=\"fa\" data-icon=\"play\" role=\"presentation\" xmlns=\"http:\/\/www.w3.org\/2000\/svg\" viewBox=\"0 0 448 512\"><path fill=\"currentColor\" d=\"M424.4 214.7L72.4 6.6C43.8-10.3 0 6.1 0 47.9V464c0 37.5 40.7 60.1 72.4 41.3l352-208c31.4-18.5 31.5-64.1 0-82.6z\"><\/path><\/svg>\t\t\t<img decoding=\"async\" src=\"https:\/\/audec.edu.uy\/wp-content\/plugins\/instagram-feed\/img\/placeholder.png\" alt=\"\ud83c\udf93 El rol del director como figura clave en la gesti\u00f3n educativa fue el eje que nos reuni\u00f3 el pasado s\u00e1bado en el inicio del M\u00f3dulo 1 de la Certificaci\u00f3n en Gesti\u00f3n, junto a Bernardo Blejmar.\n\n\ud83d\ude80 Comenzamos as\u00ed un camino de formaci\u00f3n anual, generando espacios de aprendizaje, reflexi\u00f3n y crecimiento compartido.\n\n-\n-\n-\n-\n#AUDEC #educacioncatolica #educacion #directivos @blejmar\" aria-hidden=\"true\">\n\t\t<\/a>\n\t<\/div>\n<\/div>\t<\/div>\n\n\t<div id=\"sbi_load\" >\n\n\t<div class=\"sbi-screenreader\" aria-live=\"polite\" aria-atomic=\"true\" data-sbi-feed-status><\/div>\n\n\t\t\t<button class=\"sbi_load_btn\"\n\t\t\ttype=\"button\"  style=\"background: rgb(134,50,127);\">\n\t\t\t<span class=\"sbi_btn_text\" >Cargar m\u00e1s<\/span>\n\t\t\t<span class=\"sbi_loader sbi_hidden\" style=\"background-color: rgb(255, 255, 255);\" aria-hidden=\"true\"><\/span>\n\t\t<\/button>\n\t\n\t\t\t<span class=\"sbi_follow_btn sbi_custom\" >\n\t\t\t<a target=\"_blank\"\n\t\t\t\trel=\"nofollow noopener\"  href=\"https:\/\/www.instagram.com\/audec.uruguay\/\" style=\"background: rgb(64,139,209);\">\n\t\t\t\t<svg class=\"svg-inline--fa fa-instagram fa-w-14\" aria-hidden=\"true\" data-fa-processed=\"\" aria-label=\"Instagram\" data-prefix=\"fab\" data-icon=\"instagram\" role=\"img\" viewBox=\"0 0 448 512\">\n                    <path fill=\"currentColor\" d=\"M224.1 141c-63.6 0-114.9 51.3-114.9 114.9s51.3 114.9 114.9 114.9S339 319.5 339 255.9 287.7 141 224.1 141zm0 189.6c-41.1 0-74.7-33.5-74.7-74.7s33.5-74.7 74.7-74.7 74.7 33.5 74.7 74.7-33.6 74.7-74.7 74.7zm146.4-194.3c0 14.9-12 26.8-26.8 26.8-14.9 0-26.8-12-26.8-26.8s12-26.8 26.8-26.8 26.8 12 26.8 26.8zm76.1 27.2c-1.7-35.9-9.9-67.7-36.2-93.9-26.2-26.2-58-34.4-93.9-36.2-37-2.1-147.9-2.1-184.9 0-35.8 1.7-67.6 9.9-93.9 36.1s-34.4 58-36.2 93.9c-2.1 37-2.1 147.9 0 184.9 1.7 35.9 9.9 67.7 36.2 93.9s58 34.4 93.9 36.2c37 2.1 147.9 2.1 184.9 0 35.9-1.7 67.7-9.9 93.9-36.2 26.2-26.2 34.4-58 36.2-93.9 2.1-37 2.1-147.8 0-184.8zM398.8 388c-7.8 19.6-22.9 34.7-42.6 42.6-29.5 11.7-99.5 9-132.1 9s-102.7 2.6-132.1-9c-19.6-7.8-34.7-22.9-42.6-42.6-11.7-29.5-9-99.5-9-132.1s-2.6-102.7 9-132.1c7.8-19.6 22.9-34.7 42.6-42.6 29.5-11.7 99.5-9 132.1-9s102.7-2.6 132.1 9c19.6 7.8 34.7 22.9 42.6 42.6 11.7 29.5 9 99.5 9 132.1s2.7 102.7-9 132.1z\"><\/path>\n                <\/svg>\t\t\t\t<span>Seguinos en Instagram<\/span>\n\t\t\t<\/a>\n\t\t<\/span>\n\t\n<\/div>\n\t\t<span class=\"sbi_resized_image_data\" data-feed-id=\"*1\"\n\t\t  data-resized=\"{&quot;17946398811190604&quot;:{&quot;id&quot;:&quot;704824420_1268660181799009_6057397041135495139_n&quot;,&quot;ratio&quot;:&quot;0.56&quot;,&quot;sizes&quot;:{&quot;full&quot;:640,&quot;low&quot;:320,&quot;thumb&quot;:150},&quot;extension&quot;:&quot;.webp&quot;},&quot;17919204180194030&quot;:{&quot;id&quot;:&quot;755033452_18102429758587527_464902616652781958_n&quot;,&quot;ratio&quot;:&quot;0.56&quot;,&quot;sizes&quot;:{&quot;full&quot;:640,&quot;low&quot;:320,&quot;thumb&quot;:150},&quot;extension&quot;:&quot;.webp&quot;},&quot;18335405320270013&quot;:{&quot;id&quot;:&quot;735178833_1645829087504729_149060414945360329_n&quot;,&quot;ratio&quot;:&quot;0.80&quot;,&quot;sizes&quot;:{&quot;full&quot;:640,&quot;low&quot;:320,&quot;thumb&quot;:150},&quot;extension&quot;:&quot;.webp&quot;},&quot;18092034962056710&quot;:{&quot;id&quot;:&quot;733771317_1643820991038872_6668634183695280786_n&quot;,&quot;ratio&quot;:&quot;0.80&quot;,&quot;sizes&quot;:{&quot;full&quot;:640,&quot;low&quot;:320,&quot;thumb&quot;:150},&quot;extension&quot;:&quot;.webp&quot;},&quot;17887329762583557&quot;:{&quot;id&quot;:&quot;731710715_1639119494842355_5273356005638676660_n&quot;,&quot;ratio&quot;:&quot;0.80&quot;,&quot;sizes&quot;:{&quot;full&quot;:640,&quot;low&quot;:320,&quot;thumb&quot;:150},&quot;extension&quot;:&quot;.webp&quot;},&quot;18602601349055955&quot;:{&quot;id&quot;:&quot;720436048_1627695515984753_2076164562771057765_n&quot;,&quot;ratio&quot;:&quot;0.80&quot;,&quot;sizes&quot;:{&quot;full&quot;:640,&quot;low&quot;:320,&quot;thumb&quot;:150},&quot;extension&quot;:&quot;.webp&quot;},&quot;18325925230280240&quot;:{&quot;id&quot;:&quot;758029069_18103013633587527_8409801237930970958_n&quot;,&quot;ratio&quot;:&quot;0.56&quot;,&quot;sizes&quot;:{&quot;full&quot;:640,&quot;low&quot;:320,&quot;thumb&quot;:150},&quot;extension&quot;:&quot;.webp&quot;},&quot;17938979601336485&quot;:{&quot;id&quot;:&quot;768502188_1682854243802213_6898671388374933169_n&quot;,&quot;ratio&quot;:&quot;0.80&quot;,&quot;sizes&quot;:{&quot;full&quot;:640,&quot;low&quot;:320,&quot;thumb&quot;:150},&quot;extension&quot;:&quot;.webp&quot;}}\">\n\t<\/span>\n\t<\/div>\n\n<\/div>\n      <\/div>\n    <\/section>\n    <section class=\"u-clearfix u-gradient u-section-7\" id=\"sec-43a0\">\n      <div class=\"u-clearfix u-sheet u-valign-middle-lg u-valign-middle-md u-valign-middle-sm u-valign-middle-xs u-sheet-1\">\n        <h3 class=\"u-align-center u-text u-text-default u-text-palette-1-base u-text-1\"><span style=\"font-weight: 400;\">Nuestros \u00faltimos <span style=\"font-weight: 700;\">Videos<\/span><\/span>\n        <\/h3>\n        <div class=\"u-expanded-width u-shortcode u-shortcode-1\">\n\n<div id=\"sb_youtube_sbyUCtjKrmuOutYHibp2Ic3SWw3\"\n\trole=\"region\"\n\taria-label=\"YouTube videos\"\n\t class=\"sb_youtube sby_layout_gallery sby_col_3 sby_mob_col_1 sby_palette_inherit  sby_width_resp\"\tdata-feedid=\"sby_UCtjKrmuOutYHibp-2Ic3SWw#3\"\n\tdata-shortcode-atts=\"{&quot;feed&quot;:&quot;2&quot;}\" \n\tdata-cols=\"3\" \n\tdata-colsmobile=\"1\" \n\tdata-num=\"3\" \n\tdata-nummobile=\"3\" \n\tdata-channel-subscribers=\"277 subscribers\"\tdata-subscribe-btn=\"1\" \n\tdata-subscribe-btn-text=\"Subscr\u00edbete\" \n\tdata_channel_header_colors =\"{&quot;channelName&quot;:&quot;&quot;,&quot;subscribeCount&quot;:&quot;&quot;,&quot;buttonBackground&quot;:&quot;&quot;,&quot;buttonText&quot;:&quot;&quot;}\"\n\t data-sby-flags=\"resizeDisable\" data-postid=\"9441\" \n\t data-videocardlayout=\"vertical\" \n>\n\t    <div id=\"sby_player_VVV0aktybXVPdXRZSGlicC0ySWMzU1d3Lkg2U2lrWUZpYTVF\" class=\"sby_player_outer_wrap sby_player_item\"  style=\"padding: 5px;padding-bottom: 0;\">\n    <div class=\"sby_video_thumbnail_wrap\">\n        <a class=\"sby_video_thumbnail sby_player_video_thumbnail\" href=\"https:\/\/www.youtube.com\/watch?v=H6SikYFia5E\" target=\"_blank\" rel=\"noopener\" data-full-res=\"https:\/\/i.ytimg.com\/vi\/H6SikYFia5E\/maxresdefault.jpg\" data-img-src-set=\"{&quot;120&quot;:&quot;https:\\\/\\\/i.ytimg.com\\\/vi\\\/H6SikYFia5E\\\/default.jpg&quot;,&quot;320&quot;:&quot;https:\\\/\\\/i.ytimg.com\\\/vi\\\/H6SikYFia5E\\\/mqdefault.jpg&quot;,&quot;480&quot;:&quot;https:\\\/\\\/i.ytimg.com\\\/vi\\\/H6SikYFia5E\\\/hqdefault.jpg&quot;,&quot;640&quot;:&quot;https:\\\/\\\/i.ytimg.com\\\/vi\\\/H6SikYFia5E\\\/sddefault.jpg&quot;}\" data-video-id=\"H6SikYFia5E\">\n            <span class=\"sby-screenreader\">COMUNIDADES QUE CUIDAN - Miradas para la gesti\u00f3n educativa<\/span>\n            <img decoding=\"async\" src=\"https:\/\/audec.edu.uy\/wp-content\/plugins\/feeds-for-youtube\/img\/placeholder.png\" alt=\"M\u00e1s de 200 educadores nos encontramos en una jornada para compartir experiencias, reflexiones y herramientas que hoy siguen inspirando nuestras comunidades educativas.  En PROEDUCAR 2026 reafirmamos nuestro compromiso de acompa\u00f1amiento y cuidado, al tiempo que seguimos construyendo juntos una educaci\u00f3n que pone a la persona en el centro.\">\n            <span class=\"sby_loader sby_hidden\" style=\"background-color: rgb(255, 255, 255);\"><\/span>\n        <\/a>\n                    <div class=\"sby_play_btn\">\n            <svg aria-hidden=\"true\" focusable=\"false\" data-prefix=\"fab\" data-icon=\"youtube\" role=\"img\" xmlns=\"http:\/\/www.w3.org\/2000\/svg\" viewBox=\"0 0 576 512\" class=\"svg-inline--fa fa-youtube fa-w-18\"><path fill=\"currentColor\" d=\"M549.655 124.083c-6.281-23.65-24.787-42.276-48.284-48.597C458.781 64 288 64 288 64S117.22 64 74.629 75.486c-23.497 6.322-42.003 24.947-48.284 48.597-11.412 42.867-11.412 132.305-11.412 132.305s0 89.438 11.412 132.305c6.281 23.65 24.787 41.5 48.284 47.821C117.22 448 288 448 288 448s170.78 0 213.371-11.486c23.497-6.321 42.003-24.171 48.284-47.821 11.412-42.867 11.412-132.305 11.412-132.305s0-89.438-11.412-132.305zm-317.51 213.508V175.185l142.739 81.205-142.739 81.201z\" class=\"\"><\/path><\/svg>                <span class=\"sby_play_btn_bg\"><\/span>\n            <\/div>\n                <div class=\"sby_player_wrap\">\n            <div class=\"sby_player\"><\/div>\n        <\/div>\n    <\/div>\n<\/div>\n    <div class=\"sby_items_wrap\" role=\"list\" style=\"padding: 5px;\">\n\t\t<div class=\"sby_item  sby_new sby_transition\" role=\"listitem\" id=\"sby_VVV0aktybXVPdXRZSGlicC0ySWMzU1d3Lkg2U2lrWUZpYTVF\" data-date=\"1785186628\" data-video-id=\"H6SikYFia5E\">\n    <div class=\"sby_inner_item\">\n        <div class=\"sby_video_thumbnail_wrap sby_item_video_thumbnail_wrap\">\n            <a class=\"sby_video_thumbnail sby_item_video_thumbnail\" href=\"https:\/\/www.youtube.com\/watch?v=H6SikYFia5E\" target=\"_blank\" rel=\"noopener\" data-full-res=\"https:\/\/i.ytimg.com\/vi\/H6SikYFia5E\/maxresdefault.jpg\" data-img-src-set=\"{&quot;120&quot;:&quot;https:\\\/\\\/i.ytimg.com\\\/vi\\\/H6SikYFia5E\\\/default.jpg&quot;,&quot;320&quot;:&quot;https:\\\/\\\/i.ytimg.com\\\/vi\\\/H6SikYFia5E\\\/mqdefault.jpg&quot;,&quot;480&quot;:&quot;https:\\\/\\\/i.ytimg.com\\\/vi\\\/H6SikYFia5E\\\/hqdefault.jpg&quot;,&quot;640&quot;:&quot;https:\\\/\\\/i.ytimg.com\\\/vi\\\/H6SikYFia5E\\\/sddefault.jpg&quot;}\" data-video-id=\"H6SikYFia5E\" data-video-title=\"COMUNIDADES QUE CUIDAN - Miradas para la gesti\u00f3n educativa\">\n                <img decoding=\"async\" src=\"https:\/\/audec.edu.uy\/wp-content\/plugins\/feeds-for-youtube\/img\/placeholder.png\" alt=\"M\u00e1s de 200 educadores nos encontramos en una jornada para compartir experiencias, reflexiones y herramientas que hoy siguen inspirando nuestras comunidades educativas.  En PROEDUCAR 2026 reafirmamos nuestro compromiso de acompa\u00f1amiento y cuidado, al tiempo que seguimos construyendo juntos una educaci\u00f3n que pone a la persona en el centro.\">\n\n                <div class=\"sby_thumbnail_hover sby_item_video_thumbnail_hover\">\n                    <div class=\"sby_thumbnail_hover_inner\">\n                                                    <span class=\"sby_video_title\" role=\"heading\" aria-level=\"3\" >COMUNIDADES QUE CUIDAN - Miradas para la gesti\u00f3n educativa<\/span>\n                                            <\/div>\n                <\/div>\n\n                                    <div class=\"sby_play_btn\" >\n                        <span class=\"sby_play_btn_bg\"><\/span>\n                        <svg aria-hidden=\"true\" focusable=\"false\" data-prefix=\"fab\" data-icon=\"youtube\" role=\"img\" xmlns=\"http:\/\/www.w3.org\/2000\/svg\" viewBox=\"0 0 576 512\" class=\"svg-inline--fa fa-youtube fa-w-18\"><path fill=\"currentColor\" d=\"M549.655 124.083c-6.281-23.65-24.787-42.276-48.284-48.597C458.781 64 288 64 288 64S117.22 64 74.629 75.486c-23.497 6.322-42.003 24.947-48.284 48.597-11.412 42.867-11.412 132.305-11.412 132.305s0 89.438 11.412 132.305c6.281 23.65 24.787 41.5 48.284 47.821C117.22 448 288 448 288 448s170.78 0 213.371-11.486c23.497-6.321 42.003-24.171 48.284-47.821 11.412-42.867 11.412-132.305 11.412-132.305s0-89.438-11.412-132.305zm-317.51 213.508V175.185l142.739 81.205-142.739 81.201z\" class=\"\"><\/path><\/svg>                    <\/div>\n                                <span class=\"sby_loader sby_hidden\" style=\"background-color: rgb(255, 255, 255);\"><\/span>\n            <\/a>\n\n                    <\/div>\n    <\/div>\n<\/div><div class=\"sby_item  sby_new sby_transition\" role=\"listitem\" id=\"sby_VVV0aktybXVPdXRZSGlicC0ySWMzU1d3LllrNm9WMmNEZGxn\" data-date=\"1773180110\" data-video-id=\"Yk6oV2cDdlg\">\n    <div class=\"sby_inner_item\">\n        <div class=\"sby_video_thumbnail_wrap sby_item_video_thumbnail_wrap\">\n            <a class=\"sby_video_thumbnail sby_item_video_thumbnail\" href=\"https:\/\/www.youtube.com\/watch?v=Yk6oV2cDdlg\" target=\"_blank\" rel=\"noopener\" data-full-res=\"https:\/\/i.ytimg.com\/vi\/Yk6oV2cDdlg\/hqdefault.jpg\" data-img-src-set=\"{&quot;120&quot;:&quot;https:\\\/\\\/i.ytimg.com\\\/vi\\\/Yk6oV2cDdlg\\\/default.jpg&quot;,&quot;320&quot;:&quot;https:\\\/\\\/i.ytimg.com\\\/vi\\\/Yk6oV2cDdlg\\\/mqdefault.jpg&quot;,&quot;480&quot;:&quot;https:\\\/\\\/i.ytimg.com\\\/vi\\\/Yk6oV2cDdlg\\\/hqdefault.jpg&quot;,&quot;640&quot;:&quot;https:\\\/\\\/i.ytimg.com\\\/vi\\\/Yk6oV2cDdlg\\\/sddefault.jpg&quot;}\" data-video-id=\"Yk6oV2cDdlg\" data-video-title=\"COMUNIDADES QUE CUIDAN - LA SALUD MENTAL COMO PROYECTO\">\n                <img decoding=\"async\" src=\"https:\/\/audec.edu.uy\/wp-content\/plugins\/feeds-for-youtube\/img\/placeholder.png\" alt=\"\ud83c\udf1fPROEDUCAR 2026 \ud83c\udf1fSo\u00f1amos en grande\u2026 y lo hicimos realidad.\n\n\ud83d\udc69\u200d\ud83d\udcbc1.400 educadores unidos poniendo el foco en la Salud Mental.\n\n\ud83d\udcda 6 grandes conferencias que nos inspiraron y nos impulsan a seguir trabajando por miles de ni\u00f1os, ni\u00f1as y adolescentes.\n\n\ud83d\udd08 20 propuestas en la zona de stands que enriquecieron el encuentro y generaron nuevas conexiones.\n\n\u2764Educaci\u00f3n Cat\u00f3lica: juntos construimos comunidades de cuidado. \ud83d\udc99\">\n\n                <div class=\"sby_thumbnail_hover sby_item_video_thumbnail_hover\">\n                    <div class=\"sby_thumbnail_hover_inner\">\n                                                    <span class=\"sby_video_title\" role=\"heading\" aria-level=\"3\" >COMUNIDADES QUE CUIDAN - LA SALUD MENTAL COMO PROYECTO<\/span>\n                                            <\/div>\n                <\/div>\n\n                                    <div class=\"sby_play_btn\" >\n                        <span class=\"sby_play_btn_bg\"><\/span>\n                        <svg aria-hidden=\"true\" focusable=\"false\" data-prefix=\"fab\" data-icon=\"youtube\" role=\"img\" xmlns=\"http:\/\/www.w3.org\/2000\/svg\" viewBox=\"0 0 576 512\" class=\"svg-inline--fa fa-youtube fa-w-18\"><path fill=\"currentColor\" d=\"M549.655 124.083c-6.281-23.65-24.787-42.276-48.284-48.597C458.781 64 288 64 288 64S117.22 64 74.629 75.486c-23.497 6.322-42.003 24.947-48.284 48.597-11.412 42.867-11.412 132.305-11.412 132.305s0 89.438 11.412 132.305c6.281 23.65 24.787 41.5 48.284 47.821C117.22 448 288 448 288 448s170.78 0 213.371-11.486c23.497-6.321 42.003-24.171 48.284-47.821 11.412-42.867 11.412-132.305 11.412-132.305s0-89.438-11.412-132.305zm-317.51 213.508V175.185l142.739 81.205-142.739 81.201z\" class=\"\"><\/path><\/svg>                    <\/div>\n                                <span class=\"sby_loader sby_hidden\" style=\"background-color: rgb(255, 255, 255);\"><\/span>\n            <\/a>\n\n                    <\/div>\n    <\/div>\n<\/div><div class=\"sby_item  sby_new sby_transition\" role=\"listitem\" id=\"sby_VVV0aktybXVPdXRZSGlicC0ySWMzU1d3Lk4tZ2o4cUh2SFpJ\" data-date=\"1758575160\" data-video-id=\"N-gj8qHvHZI\">\n    <div class=\"sby_inner_item\">\n        <div class=\"sby_video_thumbnail_wrap sby_item_video_thumbnail_wrap\">\n            <a class=\"sby_video_thumbnail sby_item_video_thumbnail\" href=\"https:\/\/www.youtube.com\/watch?v=N-gj8qHvHZI\" target=\"_blank\" rel=\"noopener\" data-full-res=\"https:\/\/i.ytimg.com\/vi\/N-gj8qHvHZI\/maxresdefault.jpg\" data-img-src-set=\"{&quot;120&quot;:&quot;https:\\\/\\\/i.ytimg.com\\\/vi\\\/N-gj8qHvHZI\\\/default.jpg&quot;,&quot;320&quot;:&quot;https:\\\/\\\/i.ytimg.com\\\/vi\\\/N-gj8qHvHZI\\\/mqdefault.jpg&quot;,&quot;480&quot;:&quot;https:\\\/\\\/i.ytimg.com\\\/vi\\\/N-gj8qHvHZI\\\/hqdefault.jpg&quot;,&quot;640&quot;:&quot;https:\\\/\\\/i.ytimg.com\\\/vi\\\/N-gj8qHvHZI\\\/sddefault.jpg&quot;}\" data-video-id=\"N-gj8qHvHZI\" data-video-title=\"Uruguay: Futuro Poblacional y claves de pol\u00edticas p\u00fablicas\">\n                <img decoding=\"async\" src=\"https:\/\/audec.edu.uy\/wp-content\/plugins\/feeds-for-youtube\/img\/placeholder.png\" alt=\"Conferencia del Dr. en Sociolog\u00eda Fernando Filgueira, en ocasi\u00f3n del D\u00eda de la Educaci\u00f3n Cat\u00f3lica.\">\n\n                <div class=\"sby_thumbnail_hover sby_item_video_thumbnail_hover\">\n                    <div class=\"sby_thumbnail_hover_inner\">\n                                                    <span class=\"sby_video_title\" role=\"heading\" aria-level=\"3\" >Uruguay: Futuro Poblacional y claves de pol\u00edticas p\u00fablicas<\/span>\n                                            <\/div>\n                <\/div>\n\n                                    <div class=\"sby_play_btn\" >\n                        <span class=\"sby_play_btn_bg\"><\/span>\n                        <svg aria-hidden=\"true\" focusable=\"false\" data-prefix=\"fab\" data-icon=\"youtube\" role=\"img\" xmlns=\"http:\/\/www.w3.org\/2000\/svg\" viewBox=\"0 0 576 512\" class=\"svg-inline--fa fa-youtube fa-w-18\"><path fill=\"currentColor\" d=\"M549.655 124.083c-6.281-23.65-24.787-42.276-48.284-48.597C458.781 64 288 64 288 64S117.22 64 74.629 75.486c-23.497 6.322-42.003 24.947-48.284 48.597-11.412 42.867-11.412 132.305-11.412 132.305s0 89.438 11.412 132.305c6.281 23.65 24.787 41.5 48.284 47.821C117.22 448 288 448 288 448s170.78 0 213.371-11.486c23.497-6.321 42.003-24.171 48.284-47.821 11.412-42.867 11.412-132.305 11.412-132.305s0-89.438-11.412-132.305zm-317.51 213.508V175.185l142.739 81.205-142.739 81.201z\" class=\"\"><\/path><\/svg>                    <\/div>\n                                <span class=\"sby_loader sby_hidden\" style=\"background-color: rgb(255, 255, 255);\"><\/span>\n            <\/a>\n\n                    <\/div>\n    <\/div>\n<\/div>    <\/div>\n    \n\t<div class=\"sby_footer\">\n\n<div class=\"sby-screenreader\" role=\"status\" aria-live=\"polite\" aria-atomic=\"true\" data-sby-feed-status><\/div>\n\n    <button type=\"button\" aria-label=\"Load more content\" class=\"sby_load_btn\" style=\"background: rgb(56,72,153);\" >\n        <span class=\"sby_btn_text\" >Cargar m\u00e1s...<\/span>\n        <span class=\"sby_loader sby_hidden\" style=\"background-color: rgb(255, 255, 255);\"><\/span>\n    <\/button>\n\n    <span \n        class=\"sby_follow_btn sby_custom\" \n            >\n        <a \n            href=\"https:\/\/www.youtube.com\/channel\/UCtjKrmuOutYHibp-2Ic3SWw\/\"\n            style=\"background: rgb(236,50,58);\" \n            target=\"_blank\" \n            rel=\"noopener\"\n        >\n            <svg aria-hidden=\"true\" focusable=\"false\" data-prefix=\"fab\" data-icon=\"youtube\" role=\"img\" xmlns=\"http:\/\/www.w3.org\/2000\/svg\" viewBox=\"0 0 576 512\" class=\"svg-inline--fa fa-youtube fa-w-18\"><path fill=\"currentColor\" d=\"M549.655 124.083c-6.281-23.65-24.787-42.276-48.284-48.597C458.781 64 288 64 288 64S117.22 64 74.629 75.486c-23.497 6.322-42.003 24.947-48.284 48.597-11.412 42.867-11.412 132.305-11.412 132.305s0 89.438 11.412 132.305c6.281 23.65 24.787 41.5 48.284 47.821C117.22 448 288 448 288 448s170.78 0 213.371-11.486c23.497-6.321 42.003-24.171 48.284-47.821 11.412-42.867 11.412-132.305 11.412-132.305s0-89.438-11.412-132.305zm-317.51 213.508V175.185l142.739 81.205-142.739 81.201z\" class=\"\"><\/path><\/svg>            <span  >\n                Subscr\u00edbete            <\/span>\n        <\/a>\n    <\/span>\n<\/div>\n    \n\t\n<\/div>\n\n<style type=\"text\/css\">body #sb_youtube_sbyUCtjKrmuOutYHibp2Ic3SWw3 .sby_caption_wrap .sby_caption { font-size: 13px !important}body #sb_youtube_sbyUCtjKrmuOutYHibp2Ic3SWw3 .sby_follow_btn a:hover { box-shadow:inset 0 0 10px 20px rgb(255, 255, 255, .25) !important}body #sb_youtube_sbyUCtjKrmuOutYHibp2Ic3SWw3[data-videostyle=boxed] .sby_items_wrap .sby_item .sby_inner_item { background-color: #ffffff !important}<\/style><\/div>\n      <\/div>\n    <\/section>\n    <section class=\"u-align-center u-clearfix u-container-align-center u-gradient u-section-8\" id=\"sec-3eeb\">\n      <div class=\"u-clearfix u-sheet u-sheet-1\">\n        <h2 class=\"u-text u-text-default u-text-palette-1-base u-text-1\">Cont\u00e1ctanos<\/h2>\n        <div class=\"data-layout-selected u-clearfix u-expanded-width u-layout-wrap u-layout-wrap-1\">\n          <div class=\"u-layout\">\n            <div class=\"u-layout-row\">\n              <div class=\"u-container-style u-layout-cell u-size-30 u-layout-cell-1\">\n                <div class=\"u-container-layout u-valign-bottom u-container-layout-1\">\n                  <div class=\"u-form u-form-1\">\n                    <form action=\"https:\/\/audec.edu.uy\/wp-content\/plugins\/nicepage\/templates\/form.php?id=9441&formId=bc82-3eeb\" class=\"u-clearfix u-form-spacing-15 u-form-vertical u-inner-form\" style=\"padding: 15px;\" source=\"customphp\" name=\"form\">\n                      <div class=\"u-form-group u-form-name u-label-none\">\n                        <label for=\"name-6797\" class=\"u-label\">Name<\/label>\n                        <input type=\"text\" placeholder=\"Nombre\" id=\"name-6797\" name=\"nombre\" class=\"u-border-grey-50 u-input u-input-rectangle u-text-grey-90 u-input-1\" required=\"\">\n                      <\/div>\n                      <div class=\"u-form-email u-form-group u-label-none\">\n                        <label for=\"email-6797\" class=\"u-label\">Email<\/label>\n                        <input type=\"email\" placeholder=\"Email\" id=\"email-6797\" name=\"email\" class=\"u-border-grey-50 u-input u-input-rectangle u-text-grey-90 u-input-2\" required=\"\">\n                      <\/div>\n                      <div class=\"u-form-group u-label-none u-form-group-3\">\n                        <label class=\"u-label\">Input<\/label>\n                        <input type=\"text\" placeholder=\"Tel\u00e9fono\" id=\"text-f848\" name=\"telefono\" class=\"u-border-grey-50 u-input u-input-rectangle u-text-grey-90 u-input-3\" required=\"required\">\n                      <\/div>\n                      <div class=\"u-form-group u-form-message u-label-none\">\n                        <label for=\"message-6797\" class=\"u-label\">Address<\/label>\n                        <textarea placeholder=\"Mensaje\" rows=\"4\" cols=\"50\" id=\"message-6797\" name=\"mensaje\" class=\"u-border-grey-50 u-input u-input-rectangle u-text-grey-90 u-input-4\" required=\"\"><\/textarea>\n                      <\/div>\n                      <div class=\"u-align-left u-form-group u-form-submit u-label-none\">\n                        <a href=\"#\" class=\"u-btn u-btn-submit u-button-style u-hover-palette-1-dark-1 u-palette-1-base u-btn-1\">Enviar<\/a>\n                        <input type=\"submit\" value=\"submit\" class=\"u-form-control-hidden\">\n                      <\/div>\n                      <div class=\"u-form-send-message u-form-send-success\">Gracias! Su mensaje ha sido enviado.<\/div>\n                      <div class=\"u-form-send-error u-form-send-message\">No fue posible enviar el mensaje. Intente nuevamente o p\u00f3ngase en contacto por otros medios.<\/div>\n                      <input type=\"hidden\" value=\"\" name=\"recaptchaResponse\">\n                    <\/form>\n                  <\/div>\n                <\/div>\n              <\/div>\n              <div class=\"u-container-style u-layout-cell u-size-30 u-layout-cell-2\">\n                <div class=\"u-container-layout u-valign-bottom-lg u-valign-bottom-xl u-container-layout-2\">\n                  <div class=\"u-expanded-width u-grey-light-2 u-map u-map-1\">\n                    <div class=\"embed-responsive\">\n                      <iframe class=\"embed-responsive-item\" src=\"https:\/\/maps.google.com\/maps?output=embed&amp;q=AUDEC&amp;z=16&amp;t=m\" data-map=\"JTdCJTIyYWRkcmVzcyUyMiUzQSUyMkFVREVDJTIyJTJDJTIyem9vbSUyMiUzQTE2JTJDJTIydHlwZUlkJTIyJTNBJTIycm9hZCUyMiUyQyUyMmxhbmclMjIlM0FudWxsJTJDJTIyYXBpS2V5JTIyJTNBbnVsbCUyQyUyMm1hcmtlcnMlMjIlM0ElNUIlNUQlN0Q=\"><\/iframe>\n                    <\/div>\n                  <\/div>\n                <\/div>\n              <\/div>\n            <\/div>\n          <\/div>\n        <\/div>\n      <\/div>\n    <\/section>\n    \n    \n    \n    \n    \n  \n","protected":false},"excerpt":{"rendered":"<p>EDUCACI\u00d3N CAT\u00d3LICA&nbsp; con FE en el futuro Cercana&nbsp;y accesible En un entornoseguro y cuidado Con valores cat\u00f3licos Innovaci\u00f3n con Sentido La educaci\u00f3n cat\u00f3lica en Uruguay Presente en todo el pa\u00eds a trav\u00e9s de proyectos socio educativos y colegios 170 Proyectos socio educativos 15.500 Beneficiarios 157 Colegios 57.813 Alumnos 13.850 Trabajadores Nuestras actividades El mundo se &hellip; <a href=\"https:\/\/audec.edu.uy\/\" class=\"more-link\">Continue reading<span class=\"screen-reader-text\"> \u00abInicio\u00bb<\/span><\/a><\/p>\n","protected":false},"author":1,"featured_media":0,"parent":0,"menu_order":1,"comment_status":"closed","ping_status":"closed","template":"","meta":{"_uag_custom_page_level_css":"","footnotes":""},"class_list":["post-9441","page","type-page","status-publish","hentry"],"uagb_featured_image_src":{"full":false,"thumbnail":false,"medium":false,"medium_large":false,"large":false,"1536x1536":false,"2048x2048":false,"post-thumbnail":false},"uagb_author_info":{"display_name":"cgerauy","author_link":"https:\/\/audec.edu.uy\/index.php\/author\/cgerauy\/"},"uagb_comment_info":0,"uagb_excerpt":"EDUCACI\u00d3N CAT\u00d3LICA&nbsp; con FE en el futuro Cercana&nbsp;y accesible En un entornoseguro y cuidado Con valores cat\u00f3licos Innovaci\u00f3n con Sentido La educaci\u00f3n cat\u00f3lica en Uruguay Presente en todo el pa\u00eds a trav\u00e9s de proyectos socio educativos y colegios 170 Proyectos socio educativos 15.500 Beneficiarios 157 Colegios 57.813 Alumnos 13.850 Trabajadores Nuestras actividades El mundo se&hellip;","_links":{"self":[{"href":"https:\/\/audec.edu.uy\/index.php\/wp-json\/wp\/v2\/pages\/9441","targetHints":{"allow":["GET"]}}],"collection":[{"href":"https:\/\/audec.edu.uy\/index.php\/wp-json\/wp\/v2\/pages"}],"about":[{"href":"https:\/\/audec.edu.uy\/index.php\/wp-json\/wp\/v2\/types\/page"}],"author":[{"embeddable":true,"href":"https:\/\/audec.edu.uy\/index.php\/wp-json\/wp\/v2\/users\/1"}],"replies":[{"embeddable":true,"href":"https:\/\/audec.edu.uy\/index.php\/wp-json\/wp\/v2\/comments?post=9441"}],"version-history":[{"count":1,"href":"https:\/\/audec.edu.uy\/index.php\/wp-json\/wp\/v2\/pages\/9441\/revisions"}],"predecessor-version":[{"id":9442,"href":"https:\/\/audec.edu.uy\/index.php\/wp-json\/wp\/v2\/pages\/9441\/revisions\/9442"}],"wp:attachment":[{"href":"https:\/\/audec.edu.uy\/index.php\/wp-json\/wp\/v2\/media?parent=9441"}],"curies":[{"name":"wp","href":"https:\/\/api.w.org\/{rel}","templated":true}]}}