{"id":255,"date":"2023-05-06T17:43:53","date_gmt":"2023-05-06T20:43:53","guid":{"rendered":"http:\/\/audec.edu.uy\/?page_id=255"},"modified":"2023-05-09T19:31:58","modified_gmt":"2023-05-09T22:31:58","slug":"quienes-somos","status":"publish","type":"page","link":"https:\/\/audec.edu.uy\/index.php\/quienes-somos\/","title":{"rendered":"Qui\u00e9nes somos"},"content":{"rendered":"\n<p>Somos una red de instituciones de educaci\u00f3n formal y no-formal que comparten la misi\u00f3n de hacer presente en Uruguay la Educaci\u00f3n Cat\u00f3lica. Queremos que esta sea un referente de calidad y un testimonio de fe en Jes\u00fas de Nazareth, de quien hemos recibido, en comuni\u00f3n eclesial, la misi\u00f3n de evangelizar.<br><br>Buscamos fortalecer a la escuela cat\u00f3lica y ayudar a las instituciones asociadas a desarrollar, desde su identidad, su papel evangelizador y educativo<\/p>\n\n\n\n<h3 class=\"wp-block-heading\">Objetivos<\/h3>\n\n\n\n<p>1. Coordinar y representar en el orden nacional a las instituciones cat\u00f3licas de educaci\u00f3n formal y no formal en sus diversos niveles.<br><br>2. Impulsar el desarrollo integral de la persona a trav\u00e9s del proceso socio-educativo.<br><br>3. Promover, sostener y defender:<\/p>\n\n\n\n<ul class=\"wp-block-list\">\n<li>El principio de libertad de ense\u00f1anza.<\/li>\n\n\n\n<li>El principio de igualdad de oportunidades educativas.<\/li>\n\n\n\n<li>El derecho prioritario de los padres a elegir el tipo de educaci\u00f3n que deseen para sus hijos.<\/li>\n<\/ul>\n\n\n\n<p>4. Afirmar, difundir y defender los principios de la Educaci\u00f3n derechos de sus miembros.<br><br>5. Bregar por una educaci\u00f3n evangelizadora, abierta y democr\u00e1tica y procurar los recursos para ello.<br><br>6. Promover preferentemente la educaci\u00f3n popular en el \u00e1mbito formal y no formal.<br><br>7. Defender la leg\u00edtima autonom\u00eda y la identidad propia de las instituciones cat\u00f3licas de ense\u00f1anza.<br><br>8. Actuar como portavoz de sus miembros, representando los intereses de los mismos ante los organismos pertinentes y la opini\u00f3n p\u00fablica.<br><br>9. Colaborar con las autoridades nacionales en los proyectos, planificaci\u00f3n y organizaci\u00f3n de los diversos niveles educativos.<\/p>\n\n\n\n<p><\/p>\n\n\n\n<h3 class=\"wp-block-heading\">Estatutos<\/h3>\n\n\n\n<p><strong>Presentaci\u00f3n<\/strong><\/p>\n\n\n\n<p>La Asociaci\u00f3n Uruguaya de Educaci\u00f3n Cat\u00f3lica, despu\u00e9s de muchos a\u00f1os de trabajo y atendiendo los nuevos desaf\u00edos que interpelan su tarea, reelabor\u00f3 sus estatutos y tiene personer\u00eda jur\u00eddica.<\/p>\n\n\n\n<p>En reiteradas asambleas los miembros que componen la Asociaci\u00f3n ven\u00edan se\u00f1alando la necesidad de contar con la forma jur\u00eddica de una Asociaci\u00f3n Civil. En mayo del 2001 la Direcci\u00f3n Nacional recibi\u00f3 el mandato de revisar los Estatutos de la Asociaci\u00f3n, adecuarlos a las necesidades institucionales, tramitar y obtener la personer\u00eda jur\u00eddica a \ufb01n de constituirse en un interlocutor jur\u00eddicamente v\u00e1lido ante la sociedad civil.<\/p>\n\n\n\n<p>El 24 de enero de 2003 el Ministerio de Educaci\u00f3n y Cultura aprob\u00f3 los Estatutos de la Asociaci\u00f3n Civil denominada \u201cAsociaci\u00f3n Uruguaya de Educaci\u00f3n Cat\u00f3lica (AUDEC)\u201d, lo que fortaleci\u00f3 el desarrollo de la misi\u00f3n de la Educaci\u00f3n Cat\u00f3lica en el di\u00e1logo con otros actores de la sociedad civil, empresas y autoridades gubernamentales, especialmente las de la educaci\u00f3n.<\/p>\n\n\n\n<p>Transcurrido un tiempo prudencial y con la experiencia acumulada, la Asociaci\u00f3n entendi\u00f3 necesario reformar sus Estatutos para adecuarlos al dinamismo que adquiri\u00f3 y responder al deseo de otras asociaciones civiles que deseaban ser parte de AUDEC.<\/p>\n\n\n\n<p>El 16 de octubre de 2008 el Ministerio de Educaci\u00f3n y Cultura aprob\u00f3 la reforma de los Estatutos presentada por AUDEC. Esta publicaci\u00f3n contiene la recopilaci\u00f3n de: los Estatutos originales aprobados por resoluci\u00f3n del MEC de 24\/1\/03 inscriptos en el Registro de Personer\u00edas Jur\u00eddicas el 31\/1\/03 con el N\u00ba 9258, Folio 234, Libro 17 y la Reforma de Estatutos aprobada por El MEC el 16\/10\/08 e inscripta en el Registro de Personer\u00edas Jur\u00eddicas el 24\/10\/08 con el N\u00ba 9258; Folio 234; Libro 17.<\/p>\n\n\n\n<p>Tenemos un largo y rico pasado, pero sin duda contamos con m\u00e1s futuro que historia. Nos disponemos a recorrer este camino junto a nuestros pastores. Sabemos que de nosotros tambi\u00e9n depende la presencia de la educaci\u00f3n cat\u00f3lica en Uruguay; queremos que ella sea un referente de calidad, un testimonio de la pedagog\u00eda y la bondad del Maestro de Nazaret que nos ha con\ufb01ado esta misi\u00f3n en su Iglesia.<\/p>\n\n\n\n<p>Estos Estatutos orientan y enmarcan nuestra tarea.<\/p>\n\n\n\n<p>Direcci\u00f3n Nacional de AUDEC Fiesta de la Anunciaci\u00f3n del Se\u00f1or, 25 de marzo de 2009.<\/p>\n\n\n\n<div data-wp-interactive=\"core\/file\" class=\"wp-block-file\"><object data-wp-bind--hidden=\"!state.hasPdfPreview\" hidden class=\"wp-block-file__embed\" data=\"https:\/\/audec.edu.uy\/wp-content\/uploads\/2023\/05\/estatuto_audec.pdf\" type=\"application\/pdf\" style=\"width:100%;height:600px\" aria-label=\"Incrustado de estatuto_audec.\"><\/object><a id=\"wp-block-file--media-642918bf-053e-4313-a03d-f0ee341fa980\" href=\"https:\/\/audec.edu.uy\/wp-content\/uploads\/2023\/05\/estatuto_audec.pdf\">estatuto_audec<\/a><a href=\"https:\/\/audec.edu.uy\/wp-content\/uploads\/2023\/05\/estatuto_audec.pdf\" class=\"wp-block-file__button wp-element-button\" download aria-describedby=\"wp-block-file--media-642918bf-053e-4313-a03d-f0ee341fa980\">Descarga<\/a><\/div>\n","protected":false},"excerpt":{"rendered":"<p>Somos una red de instituciones de educaci\u00f3n formal y no-formal que comparten la misi\u00f3n de hacer presente en Uruguay la Educaci\u00f3n Cat\u00f3lica. Queremos que esta sea un referente de calidad y un testimonio de fe en Jes\u00fas de Nazareth, de quien hemos recibido, en comuni\u00f3n eclesial, la misi\u00f3n de evangelizar. Buscamos fortalecer a la escuela &hellip; <a href=\"https:\/\/audec.edu.uy\/index.php\/quienes-somos\/\" class=\"more-link\">Continue reading<span class=\"screen-reader-text\"> \u00abQui\u00e9nes somos\u00bb<\/span><\/a><\/p>\n","protected":false},"author":1,"featured_media":0,"parent":0,"menu_order":0,"comment_status":"closed","ping_status":"closed","template":"","meta":{"_uag_custom_page_level_css":"","footnotes":""},"class_list":["post-255","page","type-page","status-publish","hentry"],"uagb_featured_image_src":{"full":false,"thumbnail":false,"medium":false,"medium_large":false,"large":false,"1536x1536":false,"2048x2048":false,"post-thumbnail":false},"uagb_author_info":{"display_name":"cgerauy","author_link":"https:\/\/audec.edu.uy\/index.php\/author\/cgerauy\/"},"uagb_comment_info":0,"uagb_excerpt":"Somos una red de instituciones de educaci\u00f3n formal y no-formal que comparten la misi\u00f3n de hacer presente en Uruguay la Educaci\u00f3n Cat\u00f3lica. Queremos que esta sea un referente de calidad y un testimonio de fe en Jes\u00fas de Nazareth, de quien hemos recibido, en comuni\u00f3n eclesial, la misi\u00f3n de evangelizar. Buscamos fortalecer a la escuela&hellip;","_links":{"self":[{"href":"https:\/\/audec.edu.uy\/index.php\/wp-json\/wp\/v2\/pages\/255","targetHints":{"allow":["GET"]}}],"collection":[{"href":"https:\/\/audec.edu.uy\/index.php\/wp-json\/wp\/v2\/pages"}],"about":[{"href":"https:\/\/audec.edu.uy\/index.php\/wp-json\/wp\/v2\/types\/page"}],"author":[{"embeddable":true,"href":"https:\/\/audec.edu.uy\/index.php\/wp-json\/wp\/v2\/users\/1"}],"replies":[{"embeddable":true,"href":"https:\/\/audec.edu.uy\/index.php\/wp-json\/wp\/v2\/comments?post=255"}],"version-history":[{"count":5,"href":"https:\/\/audec.edu.uy\/index.php\/wp-json\/wp\/v2\/pages\/255\/revisions"}],"predecessor-version":[{"id":276,"href":"https:\/\/audec.edu.uy\/index.php\/wp-json\/wp\/v2\/pages\/255\/revisions\/276"}],"wp:attachment":[{"href":"https:\/\/audec.edu.uy\/index.php\/wp-json\/wp\/v2\/media?parent=255"}],"curies":[{"name":"wp","href":"https:\/\/api.w.org\/{rel}","templated":true}]}}